{"id":1733,"date":"2025-02-15T20:17:58","date_gmt":"2025-02-15T20:17:58","guid":{"rendered":"https:\/\/ptsslab.ca\/recherche\/"},"modified":"2025-10-22T22:32:22","modified_gmt":"2025-10-22T22:32:22","slug":"recherche","status":"publish","type":"page","link":"https:\/\/ptsslab.ca\/fr\/recherche\/","title":{"rendered":"Recherche"},"content":{"rendered":"\n<section id=\"hero-9654f2\" class=\"hero-wrapper  transparent-hero\">\n    <div class=\"container\">\n      <div class=\"row\">\n        <div class=\"col-12\">\n            <div class=\"hero-content  has-circle-image \"  style=\"margin-top: 9rem;\">\n            <div class=\"row align-items-center\">\n                        <div class=\"col-lg-6\">\n                <div class=\"--content\">\n                    <h1>Faire progresser la recherche en sant\u00e9 mentale pour les<strong> professionnels expos\u00e9s aux traumatismes<\/strong><\/h1>\n                                            <div class=\"hero-cta\">\n                            <a href=\"\/fr\/publications\" \n                               class=\"btn btn-primary\"\n                               target=\"\">\n                                Voir nos publications                            <\/a>\n                        <\/div>\n                                    <\/div>\n            <\/div>\n            \n            \t\t\t\n\t\t\t\t\t\t\t\t<div class=\"col-lg-6 position-relative\">\n\t\t\t\t\t<div class=\"hero-image  text-end\">\n\t\t\t\t\t\t<img decoding=\"async\" src=\"https:\/\/ptsslab.ca\/wp-content\/uploads\/2025\/02\/Frame-8-1.png\" \n\t\t\t\t\t\t\t alt=\"\" \n\t\t\t\t\t\t\t class=\"img-fluid\">\n\t\t\t\t\t\t\t\t\t\t\t\t\t\t\t<img decoding=\"async\" src=\"https:\/\/ptsslab.ca\/wp-content\/themes\/ptss\/assets\/images\/heroCircle.svg\" \n\t\t\t\t\t\t\t\t\t\talt=\"hero circle\" class=\"--circle\">\n\t\t\t\t\t\t\t\t\t\t\t\t<\/div>\n\t\t\t\t<\/div>\n            \t\t\t\t\t\n\t\t\t\t\t\t\t\t\n\t\t\t\t\n\t\t\t\t\n        <\/div>\n            <\/div>\n        <\/div>\n      <\/div>\n    <\/div>\n<\/section>\n\n<!-- Original block code\n<section class=\"hero-wrapper \/\/ echo esc_attr($className); ?>\">\n    <div class=\"container\">\n      <div class=\"row\">\n        <div class=\"col-12\">\n            <div class=\"hero-content \/\/ echo $hascircle ?> \/\/ echo $hasbackground ?>\" \/\/ if ($spacing_styles) : ?> style=\"\/\/ echo esc_attr($spacing_styles); ?>\"\/\/ endif; ?>>\n            <div class=\"row align-items-\/\/ echo esc_attr($column_alignment); ?>\">\n            \/\/ if ($content) : ?>\n            <div class=\"col-lg-\/\/ echo esc_attr($left_columns); ?>\">\n                <div class=\"--content\">\n                    \/\/ echo $content; ?>\n                    \/\/ if ($link) : ?>\n                        <div class=\"hero-cta\">\n                            <a href=\"\/\/ echo esc_url($link['url']); ?>\" \n                               class=\"btn btn-primary\"\n                               target=\"\/\/ echo esc_attr($link['target']); ?>\">\n                                \/\/ echo esc_html($link['title']); ?>\n                            <\/a>\n                        <\/div>\n                    \/\/ endif; ?>\n                <\/div>\n            <\/div>\n            \/\/ endif; ?>\n\n            \/\/ if ($image) : ?>\n            <div class=\"col-lg-\/\/ echo esc_attr($right_columns); ?> position-relative\">\n                <div class=\"hero-image \/\/ echo $hasabsolute; ?> \/\/ echo $image_alignment; ?>\">\n                    <img decoding=\"async\" src=\"\/\/ echo esc_url($image['url']); ?>\" \n                         alt=\"\/\/ echo esc_attr($image['alt']); ?>\" \n                         class=\"img-fluid\">\n                        \/\/ if ($circle_image) { ?>\n                            <img decoding=\"async\" src=\"\/\/ echo esc_url(get_template_directory_uri() . '\/assets\/images\/heroCircle.svg'); ?>\" \n                                    alt=\"hero circle\" class=\"--circle\">\n                        \/\/ } ?>\n                <\/div>\n            <\/div>\n            \/\/ endif; ?>\n        <\/div>\n            <\/div>\n        <\/div>\n      <\/div>\n    <\/div>\n<\/section> -->\n<div class=\"wp-block-group two-column-content research-overlay-yellow has-global-padding is-layout-constrained wp-block-group-is-layout-constrained\">\n<div class=\"wp-block-columns container is-layout-flex wp-container-core-columns-is-layout-28f84493 wp-block-columns-is-layout-flex\">\n<div class=\"wp-block-column justify-content-between is-layout-flow wp-block-column-is-layout-flow\">\n<div class=\"wp-block-columns justify-content-center  --content is-layout-flex wp-container-core-columns-is-layout-28f84493 wp-block-columns-is-layout-flex\">\n<div class=\"wp-block-column is-layout-flow wp-block-column-is-layout-flow\" style=\"flex-basis:42rem\">\n<h3 class=\"wp-block-heading\">Le Psychological Trauma and Stress Systems (PTSS) Lab se consacre \u00e0 la conduite de recherches novatrices visant \u00e0 am\u00e9liorer la sant\u00e9 mentale et la r\u00e9silience des professionnels expos\u00e9s aux traumatismes, notamment les premiers intervenants et autres personnels de s\u00e9curit\u00e9 publique, les professionnels de la sant\u00e9, les militaires et les anciens combattants.<\/h3>\n<\/div>\n\n\n\n<div class=\"wp-block-column is-layout-flow wp-block-column-is-layout-flow\" style=\"flex-basis:42rem\">\n<h3 class=\"wp-block-heading\">Nos initiatives de recherche se concentrent sur la compr\u00e9hension et l&rsquo;att\u00e9nuation des traumatismes post-traumatiques (PTSI) tout en d\u00e9veloppant des solutions fond\u00e9es sur des preuves pour les professionnels expos\u00e9s aux traumatismes, leurs dirigeants et leurs familles.<\/h3>\n<\/div>\n<\/div>\n<\/div>\n<\/div>\n<\/div>\n\n<div class=\"wp-block-group research-card has-global-padding is-layout-constrained wp-block-group-is-layout-constrained\">\n<div class=\"wp-block-columns is-layout-flex wp-container-core-columns-is-layout-28f84493 wp-block-columns-is-layout-flex\">\n<div class=\"wp-block-column is-layout-flow wp-block-column-is-layout-flow\">\n<section id=\"img-list-638ee6\" class=\"image-with-list \"\n    style=\" \">\n    <div class=\"container\">\n        \n        <div class=\"row  bg-white justifier le contenu entre les deux flex-row-reverse align-items-center image-list-white-card\">\n            <div class=\"col-lg-6\">\n                                    <div class=\"image-wrapper\">\n                        <figure>\n                            <img decoding=\"async\" src=\"https:\/\/ptsslab.ca\/wp-content\/uploads\/2025\/02\/Service-Image11.png\" alt=\"\" class=\"img-fluid\">\n                        <\/figure>\n                    <\/div>\n                            <\/div>\n\n            <div class=\"col-lg-6\">\n                <div class=\"content-wrapper\">\n                                            <div class=\"right-content\">\n                            <p><img decoding=\"async\" class=\"alignnone size-full wp-image-917\" src=\"http:\/\/ptsslab.ca\/wp-content\/uploads\/2025\/02\/2323on.svg\" alt=\"\"><\/p>\n<h3>\u00c9tude longitudinale de la GRC sur le SSPT<\/h3>\n<p>L&rsquo;\u00e9tude de la GRC est une initiative de recherche pionni\u00e8re con\u00e7ue pour comprendre et am\u00e9liorer la sant\u00e9 mentale des agents de la Gendarmerie royale du Canada (GRC) tout au long de leur carri\u00e8re. Cette \u00e9tude suit les tendances en mati\u00e8re de sant\u00e9 mentale au fil du temps, fournissant des informations qui soutiennent le d\u00e9veloppement de strat\u00e9gies et d&rsquo;interventions efficaces en mati\u00e8re de sant\u00e9 mentale pour le personnel charg\u00e9 de l&rsquo;application de la loi. <\/p>\n                        <\/div>\n                    \n                                            <div class=\"link-wrapper\">\n                            <a href=\"https:\/\/www.rcmpstudy.ca\/en\/about-the-study\" target=\"_blank\"\n                                class=\"btn btn-primary\">\n                                En savoir plus                            <\/a>\n                        <\/div>\n                                    <\/div>\n            <\/div>\n        <\/div>\n    <\/div>\n<\/section>\n\n\n<section id=\"img-list-50b232\" class=\"image-with-list \"\n    style=\" \">\n    <div class=\"container\">\n        \n        <div class=\"row  bg-white justifier le contenu entre les deux flex-row align-items-center image-list-white-card\">\n            <div class=\"col-lg-6\">\n                                    <div class=\"image-wrapper\">\n                        <figure>\n                            <img decoding=\"async\" src=\"https:\/\/ptsslab.ca\/wp-content\/uploads\/2025\/02\/Service-Image-1.png\" alt=\"\" class=\"img-fluid\">\n                        <\/figure>\n                    <\/div>\n                            <\/div>\n\n            <div class=\"col-lg-6\">\n                <div class=\"content-wrapper\">\n                                            <div class=\"right-content\">\n                            <p><img decoding=\"async\" class=\"alignnone wp-image-592 size-full\" src=\"http:\/\/ptsslab.ca\/wp-content\/uploads\/2025\/02\/school.svg\" alt=\"\"><\/p>\n<h3>\u00c9tude PSP PTSI<\/h3>\n<p>Cette \u00e9tude est con\u00e7ue pour tester une \u00e9valuation de la sant\u00e9 mentale et un programme de formation visant \u00e0 renforcer la r\u00e9silience de divers personnels de s\u00e9curit\u00e9 publique (PSP), notamment les pompiers, le personnel param\u00e9dical, la police et les communicateurs de la s\u00e9curit\u00e9 publique. L&rsquo;\u00e9tude explore des m\u00e9thodes efficaces pour att\u00e9nuer les traumatismes post-traumatiques (PTSI) et fournit une formation \u00e0 la s\u00e9curit\u00e9 psychologique pour les dirigeants. <\/p>\n                        <\/div>\n                    \n                                            <div class=\"link-wrapper\">\n                            <a href=\"https:\/\/www.saskptsistudy.ca\/\" target=\"_blank\"\n                                class=\"btn btn-primary\">\n                                D\u00e9couvrez l&#039;\u00e9tude PSP PTSI                            <\/a>\n                        <\/div>\n                                    <\/div>\n            <\/div>\n        <\/div>\n    <\/div>\n<\/section>\n\n\n<section id=\"img-list-ca2ad8\" class=\"image-with-list \"\n    style=\" \">\n    <div class=\"container\">\n        \n        <div class=\"row  bg-white justifier le contenu entre les deux flex-row-reverse align-items-center image-list-white-card\">\n            <div class=\"col-lg-6\">\n                                    <div class=\"image-wrapper\">\n                        <figure>\n                            <img decoding=\"async\" src=\"https:\/\/ptsslab.ca\/wp-content\/uploads\/2025\/02\/Service-Image-2.png\" alt=\"\" class=\"img-fluid\">\n                        <\/figure>\n                    <\/div>\n                            <\/div>\n\n            <div class=\"col-lg-6\">\n                <div class=\"content-wrapper\">\n                                            <div class=\"right-content\">\n                            <p><img decoding=\"async\" class=\"alignnone wp-image-595 size-full\" src=\"http:\/\/ptsslab.ca\/wp-content\/uploads\/2025\/02\/rockect.svg\" alt=\"\"><\/p>\n<h3>Projets AX3 \u2014 Lanc\u00e9s en 2025<\/h3>\n<p>Il s\u2019agit d\u2019une initiative nationale visant \u00e0 \u00e9valuer les probl\u00e8mes de sant\u00e9 mentale rencontr\u00e9s par les policiers et les pompiers municipaux et provinciaux.<\/p>\n                        <\/div>\n                    \n                                            <div class=\"link-wrapper\">\n                            <a href=\"https:\/\/ptsslab.ca\/ax3-project\/\" target=\"\"\n                                class=\"btn btn-primary\">\n                                En savoir plus                            <\/a>\n                        <\/div>\n                                    <\/div>\n            <\/div>\n        <\/div>\n    <\/div>\n<\/section>\n\n\n<section id=\"img-list-4ca63c\" class=\"image-with-list \"\n    style=\" \">\n    <div class=\"container\">\n        \n        <div class=\"row  bg-white justifier le contenu entre les deux flex-row align-items-center image-list-white-card\">\n            <div class=\"col-lg-6\">\n                                    <div class=\"image-wrapper\">\n                        <figure>\n                            <img decoding=\"async\" src=\"https:\/\/ptsslab.ca\/wp-content\/uploads\/2025\/02\/Service-Image-3.png\" alt=\"\" class=\"img-fluid\">\n                        <\/figure>\n                    <\/div>\n                            <\/div>\n\n            <div class=\"col-lg-6\">\n                <div class=\"content-wrapper\">\n                                            <div class=\"right-content\">\n                            <p><img decoding=\"async\" class=\"alignnone wp-image-598 size-full\" src=\"http:\/\/ptsslab.ca\/wp-content\/uploads\/2025\/02\/degree.svg\" alt=\"\"><\/p>\n<h3>\u00c9tude sur la sant\u00e9 mentale dans le domaine de la recherche et du sauvetage<br \/>\n&#8211; Lanc\u00e9e en 2022<\/h3>\n<p>Une initiative nationale en cours \u00e9value les probl\u00e8mes de sant\u00e9 mentale rencontr\u00e9s par le personnel de recherche et de sauvetage. Recherche \u00e0 venir ax\u00e9e sur la compr\u00e9hension des d\u00e9fis psychologiques uniques auxquels sont confront\u00e9s les professionnels de la recherche et du sauvetage. <\/p>\n                        <\/div>\n                    \n                                    <\/div>\n            <\/div>\n        <\/div>\n    <\/div>\n<\/section><\/div>\n<\/div>\n<\/div>\n\n<div class=\"wp-block-group previous-research has-global-padding is-layout-constrained wp-block-group-is-layout-constrained\">\n<div class=\"wp-block-columns is-layout-flex wp-container-core-columns-is-layout-28f84493 wp-block-columns-is-layout-flex\">\n<div class=\"wp-block-column --heading is-layout-flow wp-block-column-is-layout-flow\">\n<h2 class=\"wp-block-heading has-text-align-center\">Initiatives de recherche ant\u00e9rieures<\/h2>\n<\/div>\n<\/div>\n\n\n\n<div class=\"wp-block-columns is-layout-flex wp-container-core-columns-is-layout-28f84493 wp-block-columns-is-layout-flex\">\n<div class=\"wp-block-column is-layout-flow wp-block-column-is-layout-flow\">\n<section id=\"icon-card-94655e\" class=\"icon-wrapper \" >\n    <div class=\"container\">\n        <div class=\"row\">\n                                                <div class=\"col-lg-6 card-icon-outer mb-5\">\n                        <div class=\"card-icon bg-jaune clair\">\n                                                            <figure>\n                                    <img decoding=\"async\" src=\"https:\/\/ptsslab.ca\/wp-content\/uploads\/2025\/02\/brain.svg\" alt=\"\">\n                                <\/figure>\n                                                        <div class=\"--content\">\n                                <h3>Extension et \u00e9valuation du programme de simulation de stress op\u00e9rationnel &#8211; Lancement en 2022<\/h3>\n<p>Une initiative nationale en cours \u00e9value l&rsquo;efficacit\u00e9 du programme Before Operational Stress (BOS) pour faire face aux probl\u00e8mes de sant\u00e9 mentale parmi le personnel de s\u00e9curit\u00e9 publique et les travailleurs de la sant\u00e9 de premi\u00e8re ligne. L&rsquo;\u00e9tude \u00e9value l&rsquo;impact du programme BOS sur le stress post-traumatique, la d\u00e9pression et le bien-\u00eatre g\u00e9n\u00e9ral. La formation a \u00e9t\u00e9 dispens\u00e9e en personne, virtuellement et sous forme num\u00e9rique pour atteindre plus de 100 000 participants. <\/p>\n                            <\/div>\n                                                                                        <a href=\"https:\/\/www.cipsrt-icrtsp.ca\/en\/project\/expansion-and-evaluation-of-the-before-operational-stress-program\" class=\"btn btn-primary\"\n                                    target=\"_blank\">En savoir plus  <\/a>\n                                                    <\/div>\n                    <\/div>\n                                    <div class=\"col-lg-6 card-icon-outer mb-5\">\n                        <div class=\"card-icon bg-jaune clair\">\n                                                            <figure>\n                                    <img decoding=\"async\" src=\"https:\/\/ptsslab.ca\/wp-content\/uploads\/2025\/02\/brain.svg\" alt=\"\">\n                                <\/figure>\n                                                        <div class=\"--content\">\n                                <h3>Comprendre les risques et les r\u00e9sultats en mati\u00e8re de sant\u00e9 mentale au sein de la Gendarmerie royale du Canada (GRC) &#8211; Lanc\u00e9 en 2021<\/h3>\n<p>Une initiative nationale examinant les probl\u00e8mes de sant\u00e9 mentale rencontr\u00e9s par les membres de la GRC. Cette \u00e9tude est con\u00e7ue pour identifier les facteurs de risque et de protection influen\u00e7ant les r\u00e9sultats en mati\u00e8re de sant\u00e9 mentale, dans le but de d\u00e9velopper des strat\u00e9gies bas\u00e9es sur des preuves pour am\u00e9liorer la r\u00e9silience psychologique et le bien-\u00eatre du personnel de la GRC. <\/p>\n                            <\/div>\n                                                                                        <a href=\"https:\/\/www.rcmpstudy.ca\/\" class=\"btn btn-primary\"\n                                    target=\"_blank\">  En savoir plus<\/a>\n                                                    <\/div>\n                    <\/div>\n                            \n        <\/div>\n    <\/div>\n<\/section><\/div>\n<\/div>\n<\/div>\n\n<div class=\"wp-block-group full-column-content left-right-content left-circle-element research-left-circle has-global-padding is-layout-constrained wp-block-group-is-layout-constrained\">\n<div class=\"wp-block-columns is-layout-flex wp-container-core-columns-is-layout-28f84493 wp-block-columns-is-layout-flex\">\n<div class=\"wp-block-column container justify-content-center is-layout-flow wp-block-column-is-layout-flow\">\n<div class=\"wp-block-columns align-items-center is-layout-flex wp-container-core-columns-is-layout-28f84493 wp-block-columns-is-layout-flex\">\n<div class=\"wp-block-column left-content p-0 sol-circle is-layout-flow wp-block-column-is-layout-flow\" style=\"flex-basis:38%\"><\/div>\n\n\n\n<div class=\"wp-block-column right-content is-layout-flow wp-block-column-is-layout-flow\">\n<h3 class=\"wp-block-heading fw-500 fs-24 max-53\">\u00c9valuation de la sant\u00e9 mentale des infirmi\u00e8res canadiennes avec la F\u00e9d\u00e9ration canadienne des syndicats d&rsquo;infirmi\u00e8res et d&rsquo;infirmiers &#8211; lancement en 2019<\/h3>\n\n\n\n<p>Une initiative nationale \u00e9valuant les probl\u00e8mes de sant\u00e9 mentale rencontr\u00e9s par les infirmi\u00e8res canadiennes. L&rsquo;\u00e9tude examine les taux de d\u00e9pression, d&rsquo;anxi\u00e9t\u00e9, de stress post-traumatique et d&rsquo;\u00e9puisement professionnel chez les infirmi\u00e8res, et identifie les principaux facteurs de stress professionnel tels que le manque de personnel et la violence sur le lieu de travail. Les r\u00e9sultats visent \u00e0 \u00e9clairer les strat\u00e9gies d&rsquo;am\u00e9lioration du soutien \u00e0 la sant\u00e9 mentale et des conditions de travail des infirmi\u00e8res \u00e0 travers le Canada.  <\/p>\n<\/div>\n<\/div>\n<\/div>\n<\/div>\n<\/div>\n\n<section id=\"self-assessment-8db361\" class=\"self-assessment  research-commitment\" >\n    <div class=\"container\">\n        <div class=\"row justifier le contenu entre les deux\">\n            <div class=\"col-12\">\n                <div class=\"--content transparent \">\n                    <div class=\"row\">\n                        <div class=\"col-lg-5\">\n                                                            <div class=\"assessment-title\">\n                                    <h2>Notre recherche<br \/>\nEngagement<\/h2>\n                                <\/div>\n                            \n                                                    <\/div>\n                        <div class=\"col-lg-7\">\n                                                            <div class=\"right-content\">\n                                    <p>Le PTSS Lab s&rsquo;efforce d&rsquo;\u00eatre un leader de confiance et un collaborateur recherch\u00e9 pour les solutions en mati\u00e8re de sant\u00e9 mentale, au niveau national et international. Nous proposons des services de recherche sur mesure pour concevoir et mettre en \u0153uvre des \u00e9tudes \u00e0 grande \u00e9chelle qui facilitent la collecte et l&rsquo;analyse des donn\u00e9es et permettent de d\u00e9gager des conclusions utiles pour am\u00e9liorer le bien-\u00eatre des PSP. <\/p>\n                                                                    <\/div>\n                                                                                <\/div>\n                    <\/div>\n                <\/div>\n            <\/div>\n        <\/div>\n    <\/div>\n<\/section>\n<section id=\"self-assessment-11e066\" class=\"self-assessment  get-in-touch white-box-column\" >\n    <div class=\"container\">\n        <div class=\"row justifier le contenu entre les deux\">\n            <div class=\"col-12\">\n                <div class=\"--content bg-blanc \">\n                    <div class=\"row\">\n                        <div class=\"col-lg-5\">\n                                                            <div class=\"assessment-title\">\n                                    <h2>Prenez contact<\/h2>\n                                <\/div>\n                            \n                                                    <\/div>\n                        <div class=\"col-lg-7\">\n                                                            <div class=\"right-content\">\n                                    <p>Pour plus d&rsquo;informations sur nos projets de recherche ou pour explorer les possibilit\u00e9s de collaboration, <strong>contactez le PTSS Lab d\u00e8s aujourd&rsquo;hui.<\/strong><\/p>\n                                                                            <a href=\"http:\/\/ptsslab.ca\/contact\/\"\n                                            target=\"\" class=\"btn btn-primary\">\n                                            Contactez PTSS LAB                                        <\/a>\n                                                                    <\/div>\n                                                                                <\/div>\n                    <\/div>\n                <\/div>\n            <\/div>\n        <\/div>\n    <\/div>\n<\/section>","protected":false},"excerpt":{"rendered":"<p>Le Psychological Trauma and Stress Systems (PTSS) Lab se consacre \u00e0 la conduite de recherches novatrices visant \u00e0 am\u00e9liorer la sant\u00e9 mentale et la r\u00e9silience des professionnels expos\u00e9s aux traumatismes, notamment les premiers intervenants et autres personnels de s\u00e9curit\u00e9 publique, les professionnels de la sant\u00e9, les militaires et les anciens combattants. Nos initiatives de recherche [&hellip;]<\/p>\n","protected":false},"author":1,"featured_media":0,"parent":0,"menu_order":0,"comment_status":"closed","ping_status":"closed","template":"","meta":{"_acf_changed":false,"footnotes":""},"class_list":["post-1733","page","type-page","status-publish","hentry"],"acf":[],"yoast_head":"<!-- This site is optimized with the Yoast SEO plugin v27.3 - https:\/\/yoast.com\/product\/yoast-seo-wordpress\/ -->\n<title>Faire progresser la recherche en sant\u00e9 mentale pour les professionnels expos\u00e9s aux traumatismes<\/title>\n<meta name=\"description\" content=\"La recherche se concentre sur la compr\u00e9hension et la r\u00e9duction des ESPT tout en d\u00e9veloppant des solutions bas\u00e9es sur des preuves pour les professionnels expos\u00e9s aux traumatismes, leurs dirigeants et leurs familles.\" \/>\n<meta name=\"robots\" content=\"index, follow, max-snippet:-1, max-image-preview:large, max-video-preview:-1\" \/>\n<link rel=\"canonical\" href=\"https:\/\/ptsslab.ca\/fr\/recherche\/\" \/>\n<meta property=\"og:locale\" content=\"fr_FR\" \/>\n<meta property=\"og:type\" content=\"article\" \/>\n<meta property=\"og:title\" content=\"Faire progresser la recherche en sant\u00e9 mentale pour les professionnels expos\u00e9s aux traumatismes\" \/>\n<meta property=\"og:description\" content=\"La recherche se concentre sur la compr\u00e9hension et la r\u00e9duction des ESPT tout en d\u00e9veloppant des solutions bas\u00e9es sur des preuves pour les professionnels expos\u00e9s aux traumatismes, leurs dirigeants et leurs familles.\" \/>\n<meta property=\"og:url\" content=\"https:\/\/ptsslab.ca\/fr\/recherche\/\" \/>\n<meta property=\"og:site_name\" content=\"PTSS Lab\" \/>\n<meta property=\"article:modified_time\" content=\"2025-10-22T22:32:22+00:00\" \/>\n<meta name=\"twitter:card\" content=\"summary_large_image\" \/>\n<meta name=\"twitter:label1\" content=\"Dur\u00e9e de lecture estim\u00e9e\" \/>\n\t<meta name=\"twitter:data1\" content=\"1 minute\" \/>\n<script type=\"application\/ld+json\" class=\"yoast-schema-graph\">{\"@context\":\"https:\\\/\\\/schema.org\",\"@graph\":[{\"@type\":\"WebPage\",\"@id\":\"https:\\\/\\\/ptsslab.ca\\\/fr\\\/recherche\\\/\",\"url\":\"https:\\\/\\\/ptsslab.ca\\\/fr\\\/recherche\\\/\",\"name\":\"Faire progresser la recherche en sant\u00e9 mentale pour les professionnels expos\u00e9s aux traumatismes\",\"isPartOf\":{\"@id\":\"https:\\\/\\\/ptsslab.ca\\\/fr\\\/#website\"},\"datePublished\":\"2025-02-15T20:17:58+00:00\",\"dateModified\":\"2025-10-22T22:32:22+00:00\",\"description\":\"La recherche se concentre sur la compr\u00e9hension et la r\u00e9duction des ESPT tout en d\u00e9veloppant des solutions bas\u00e9es sur des preuves pour les professionnels expos\u00e9s aux traumatismes, leurs dirigeants et leurs familles.\",\"breadcrumb\":{\"@id\":\"https:\\\/\\\/ptsslab.ca\\\/fr\\\/recherche\\\/#breadcrumb\"},\"inLanguage\":\"fr-FR\",\"potentialAction\":[{\"@type\":\"ReadAction\",\"target\":[\"https:\\\/\\\/ptsslab.ca\\\/fr\\\/recherche\\\/\"]}]},{\"@type\":\"BreadcrumbList\",\"@id\":\"https:\\\/\\\/ptsslab.ca\\\/fr\\\/recherche\\\/#breadcrumb\",\"itemListElement\":[{\"@type\":\"ListItem\",\"position\":1,\"name\":\"Home\",\"item\":\"https:\\\/\\\/ptsslab.ca\\\/fr\\\/\"},{\"@type\":\"ListItem\",\"position\":2,\"name\":\"Recherche\"}]},{\"@type\":\"WebSite\",\"@id\":\"https:\\\/\\\/ptsslab.ca\\\/fr\\\/#website\",\"url\":\"https:\\\/\\\/ptsslab.ca\\\/fr\\\/\",\"name\":\"PTSS Lab\",\"description\":\"Advancing Mental Health for Trauma-Exposed Professionals\",\"potentialAction\":[{\"@type\":\"SearchAction\",\"target\":{\"@type\":\"EntryPoint\",\"urlTemplate\":\"https:\\\/\\\/ptsslab.ca\\\/fr\\\/?s={search_term_string}\"},\"query-input\":{\"@type\":\"PropertyValueSpecification\",\"valueRequired\":true,\"valueName\":\"search_term_string\"}}],\"inLanguage\":\"fr-FR\"}]}<\/script>\n<!-- \/ Yoast SEO plugin. -->","yoast_head_json":{"title":"Faire progresser la recherche en sant\u00e9 mentale pour les professionnels expos\u00e9s aux traumatismes","description":"La recherche se concentre sur la compr\u00e9hension et la r\u00e9duction des ESPT tout en d\u00e9veloppant des solutions bas\u00e9es sur des preuves pour les professionnels expos\u00e9s aux traumatismes, leurs dirigeants et leurs familles.","robots":{"index":"index","follow":"follow","max-snippet":"max-snippet:-1","max-image-preview":"max-image-preview:large","max-video-preview":"max-video-preview:-1"},"canonical":"https:\/\/ptsslab.ca\/fr\/recherche\/","og_locale":"fr_FR","og_type":"article","og_title":"Faire progresser la recherche en sant\u00e9 mentale pour les professionnels expos\u00e9s aux traumatismes","og_description":"La recherche se concentre sur la compr\u00e9hension et la r\u00e9duction des ESPT tout en d\u00e9veloppant des solutions bas\u00e9es sur des preuves pour les professionnels expos\u00e9s aux traumatismes, leurs dirigeants et leurs familles.","og_url":"https:\/\/ptsslab.ca\/fr\/recherche\/","og_site_name":"PTSS Lab","article_modified_time":"2025-10-22T22:32:22+00:00","twitter_card":"summary_large_image","twitter_misc":{"Dur\u00e9e de lecture estim\u00e9e":"1 minute"},"schema":{"@context":"https:\/\/schema.org","@graph":[{"@type":"WebPage","@id":"https:\/\/ptsslab.ca\/fr\/recherche\/","url":"https:\/\/ptsslab.ca\/fr\/recherche\/","name":"Faire progresser la recherche en sant\u00e9 mentale pour les professionnels expos\u00e9s aux traumatismes","isPartOf":{"@id":"https:\/\/ptsslab.ca\/fr\/#website"},"datePublished":"2025-02-15T20:17:58+00:00","dateModified":"2025-10-22T22:32:22+00:00","description":"La recherche se concentre sur la compr\u00e9hension et la r\u00e9duction des ESPT tout en d\u00e9veloppant des solutions bas\u00e9es sur des preuves pour les professionnels expos\u00e9s aux traumatismes, leurs dirigeants et leurs familles.","breadcrumb":{"@id":"https:\/\/ptsslab.ca\/fr\/recherche\/#breadcrumb"},"inLanguage":"fr-FR","potentialAction":[{"@type":"ReadAction","target":["https:\/\/ptsslab.ca\/fr\/recherche\/"]}]},{"@type":"BreadcrumbList","@id":"https:\/\/ptsslab.ca\/fr\/recherche\/#breadcrumb","itemListElement":[{"@type":"ListItem","position":1,"name":"Home","item":"https:\/\/ptsslab.ca\/fr\/"},{"@type":"ListItem","position":2,"name":"Recherche"}]},{"@type":"WebSite","@id":"https:\/\/ptsslab.ca\/fr\/#website","url":"https:\/\/ptsslab.ca\/fr\/","name":"PTSS Lab","description":"Advancing Mental Health for Trauma-Exposed Professionals","potentialAction":[{"@type":"SearchAction","target":{"@type":"EntryPoint","urlTemplate":"https:\/\/ptsslab.ca\/fr\/?s={search_term_string}"},"query-input":{"@type":"PropertyValueSpecification","valueRequired":true,"valueName":"search_term_string"}}],"inLanguage":"fr-FR"}]}},"_links":{"self":[{"href":"https:\/\/ptsslab.ca\/fr\/wp-json\/wp\/v2\/pages\/1733","targetHints":{"allow":["GET"]}}],"collection":[{"href":"https:\/\/ptsslab.ca\/fr\/wp-json\/wp\/v2\/pages"}],"about":[{"href":"https:\/\/ptsslab.ca\/fr\/wp-json\/wp\/v2\/types\/page"}],"author":[{"embeddable":true,"href":"https:\/\/ptsslab.ca\/fr\/wp-json\/wp\/v2\/users\/1"}],"replies":[{"embeddable":true,"href":"https:\/\/ptsslab.ca\/fr\/wp-json\/wp\/v2\/comments?post=1733"}],"version-history":[{"count":19,"href":"https:\/\/ptsslab.ca\/fr\/wp-json\/wp\/v2\/pages\/1733\/revisions"}],"predecessor-version":[{"id":2486,"href":"https:\/\/ptsslab.ca\/fr\/wp-json\/wp\/v2\/pages\/1733\/revisions\/2486"}],"wp:attachment":[{"href":"https:\/\/ptsslab.ca\/fr\/wp-json\/wp\/v2\/media?parent=1733"}],"curies":[{"name":"wp","href":"https:\/\/api.w.org\/{rel}","templated":true}]}}