{"id":1767,"date":"2025-02-15T20:18:04","date_gmt":"2025-02-15T20:18:04","guid":{"rendered":"https:\/\/ptsslab.ca\/collaboration\/"},"modified":"2025-09-03T21:54:36","modified_gmt":"2025-09-03T21:54:36","slug":"collaborations","status":"publish","type":"page","link":"https:\/\/ptsslab.ca\/fr\/collaborations\/","title":{"rendered":"Collaboration"},"content":{"rendered":"\n<div class=\"wp-block-cover is-light collab-inner-hero container\"><span aria-hidden=\"true\" class=\"wp-block-cover__background has-background-dim-100 has-background-dim\" style=\"background-color:#f1eee7\"><\/span><div class=\"wp-block-cover__inner-container is-layout-flow wp-block-cover-is-layout-flow\">\n<h1 class=\"wp-block-heading\">Collaborer avec le Laboratoire SSPT<\/h1>\n\n\n\n<h5 class=\"wp-block-heading\" style=\"font-size:clamp(1.146rem, 1.146rem + ((1vw - 0.2rem) * 1.026), 1.8rem);\">Faire \u00e9quipe pour trouver des solutions en sant\u00e9 mentale.<\/h5>\n\n\n\n<p>L\u2019\u00e9quipe du Laboratoire SSPT est engag\u00e9e \u00e0 am\u00e9liorer la sant\u00e9 mentale et la r\u00e9silience des <strong>professionnels expos\u00e9s \u00e0 des traumatismes, <\/strong>notamment les membres du personnel de la s\u00e9curit\u00e9 publique, le personnel des soins de sant\u00e9, les militaires et les v\u00e9t\u00e9rans, par le biais de <strong>recherche, d\u2019innovation, et de collaboration.<\/strong>&nbsp;Nous collaborons avec des universitaires, des chercheurs, et des cliniciens, ainsi que diff\u00e9rentes organisations, afin d\u2019\u00e9laborer des <strong>programmes, des ressources et des interventions fond\u00e9s sur des donn\u00e9es probantes, <\/strong>qui ont un impact r\u00e9el.<\/p>\n<\/div><\/div>\n\n\n\n<!-- collaborators -->\n<section id=\"collaborators-b19a2f\" class=\"collaborators\">\n    <div class=\"container position-relative\">\n                    <div class=\"row --heading\">\n                <div class=\"col-lg-3 pe-lg-0\">\n                    <h2>Nos collaborateurs et donateurs<\/h2>\n                <\/div>\n                <div class=\"col-md-8 ps-lg-5 offset-lg-1\">\n                    <p>Nous sommes fiers de collaborer avec des organisations qui partagent notre vision pour <strong>am\u00e9liorer le soutien en sant\u00e9 mentale pour les professionnels expos\u00e9s \u00e0 des traumatismes.<\/strong>\u00a0Les collaborateurs et les organismes de financement, actuels et anciens, associ\u00e9s avec le D<sup>r<\/sup>\u00a0Carleton au Laboratoire SSPT comprennent les suivants, auxquels d\u2019autres s\u2019y ajoutent r\u00e9guli\u00e8rement.<\/p>\n<p>&nbsp;<\/p>\n<p>Si nous avons omis votre nom lors du lancement du site Web, nous nous en excusons, merci de nous en faire part afin que nous puissions l\u2019ajouter.<\/p>\n                <\/div>\n            <\/div>\n                            <div class=\"row\">\n                <div class=\"col-12\">\n                    <div class=\"collaborators-listing\">\n                        <div class=\"row justify-content-between w-100 max-880\">\n                            <div class=\"col-md-6 logo-items-name\">\n                                <ul>\n<li><a href=\"https:\/\/cahs-acss.ca\" target=\"_blank\" rel=\"noopener\"><span style=\"font-weight: 400;\">Acad\u00e9mie canadienne des sciences de la sant\u00e9<\/span><\/a><\/li>\n<li><a href=\"https:\/\/www.canada.ca\/en\/public-health.html\" target=\"_blank\" rel=\"noopener\"><span style=\"font-weight: 400;\">Agence de la sant\u00e9 publique du Canada<\/span><\/a><\/li>\n<li><a href=\"https:\/\/www.cbsa-asfc.gc.ca\/menu-eng.html\" target=\"_blank\" rel=\"noopener\"><span style=\"font-weight: 400;\">Agence des services frontaliers du Canada<\/span><\/a><\/li>\n<li><a href=\"https:\/\/abcism.ca\" target=\"_blank\" rel=\"noopener\"><i><span style=\"font-weight: 400;\">A<\/span><\/i><span style=\"font-weight: 400;\">lberta Critical Incident Provincial Network<\/span><\/a><\/li>\n<li><i><\/i><a href=\"http:\/\/www.aibl.ca\" target=\"_blank\" rel=\"noopener\">Anxiety and Illness Behaviour Lab<\/a><\/li>\n<li><a href=\"https:\/\/capg.ca\" target=\"_blank\" rel=\"noopener\"><span style=\"font-weight: 400;\">Association canadienne de gouvernance de police<\/span><\/a><\/li>\n<li><a href=\"https:\/\/www.cacp.ca\" target=\"_blank\" rel=\"noopener\"><span style=\"font-weight: 400;\">Association canadienne des chefs de police<\/span><\/a><\/li>\n<li><a href=\"https:\/\/www.cacp.ca\/psychological-services-committee.html\" target=\"_blank\" rel=\"noopener\"><span style=\"font-weight: 400;\">Association canadienne des chefs de police \u2014 Comit\u00e9 des services psychologiques<\/span><\/a><\/li>\n<li><a href=\"https:\/\/cafc.ca\" target=\"_blank\" rel=\"noopener\"><span style=\"font-weight: 400;\">Association canadienne des chefs de pompiers<\/span><\/a><\/li>\n<li><a href=\"http:\/\/www.cpa-acp.ca\" target=\"_blank\" rel=\"noopener\"><span style=\"font-weight: 400;\">Association canadienne des policiers<\/span><\/a><\/li>\n<li><a href=\"https:\/\/apco.ca\" target=\"_blank\" rel=\"noopener\"><span style=\"font-weight: 400;\">Association des agents des communications en s\u00e9curit\u00e9 publique du Canada<\/span><\/a><\/li>\n<li><a href=\"https:\/\/paramedic.ca\" target=\"_blank\" rel=\"noopener\"><span style=\"font-weight: 400;\">\u00a0Association des Param\u00e9dics du Canada<\/span><\/a><\/li>\n<li><a href=\"https:\/\/www.iaff.org\/\" target=\"_blank\" rel=\"noopener\"><span style=\"font-weight: 400;\">Association internationale des pompiers<\/span><\/a><\/li>\n<li><a href=\"https:\/\/anzmh.asn.au\" target=\"_blank\" rel=\"noopener\"><span style=\"font-weight: 400;\">Australian &amp; New Zealand Mental Health Association<\/span><\/a><\/li>\n<li><a href=\"https:\/\/badgeoflifecanada.org\/about-us\/our-people\/\" target=\"_blank\" rel=\"noopener\"><span style=\"font-weight: 400;\">Badge of Life Canada<\/span><\/a><\/li>\n<li><a href=\"https:\/\/www.bootsontheground.ca\" target=\"_blank\" rel=\"noopener\"><span style=\"font-weight: 400;\">Boots on the Ground<\/span><\/a><\/li>\n<li><a href=\"https:\/\/www.canops.org\" target=\"_blank\" rel=\"noopener\"><span style=\"font-weight: 400;\">CanOps: Public Safety Canada| 911 Dispatch | Fire Protection<\/span><\/a><\/li>\n<li><a href=\"https:\/\/oraprdnt.uqtr.uquebec.ca\/portail\/gscw031?owa_no_site=4550&amp;owa_no_fiche=1&amp;owa_bottin=\" target=\"_blank\" rel=\"noopener\"><span style=\"font-weight: 400;\">Chaire de Recherche UQTR-ENPQ<\/span><\/a><\/li>\n<li><a href=\"https:\/\/www.paramedicchiefs.ca\" target=\"_blank\" rel=\"noopener\"><span style=\"font-weight: 400;\">Chefs Param\u00e9dics du Canada<\/span><\/a><\/li>\n<li><a href=\"https:\/\/www.umcareresearch.ca\" target=\"_blank\" rel=\"noopener\"><span style=\"font-weight: 400;\">Childhood Adversity and Resilience (CARe)<\/span><\/a><\/li>\n<li><a href=\"https:\/\/www.wcbsask.com\/\" target=\"_blank\" rel=\"noopener\"><span style=\"font-weight: 400;\">Commission des accidents de travail de la Saskatchewan<\/span><\/a><\/li>\n<li><a href=\"https:\/\/www.sshrc-crsh.gc.ca\/home-accueil-eng.aspx\" target=\"_blank\" rel=\"noopener\"><span style=\"font-weight: 400;\">Conseil de recherches en sciences humaines<\/span><\/a><\/li>\n<li><a href=\"https:\/\/www.ualberta.ca\/en\/rehabilitation\/research\/heroes-in-mind-advocacy-and-research-consortium\/projects1\/canadian-military-veteran-and-family-connected-campus-consortium.html\" target=\"_blank\" rel=\"noopener\"><span style=\"font-weight: 400;\">Consortium des campus connect\u00e9s pour les militaires, les v\u00e9t\u00e9rans et leur famille du Canada (CCCMVFC)<\/span><\/a><\/li>\n<li><a href=\"https:\/\/www.eml.com.au\" target=\"_blank\" rel=\"noopener\"><span style=\"font-weight: 400;\">Employers Mutual Limited (EML) Australia<\/span><\/a><\/li>\n<li><a href=\"https:\/\/estevanpolice.ca\" target=\"_blank\" rel=\"noopener\"><span style=\"font-weight: 400;\">Estevan Police Service<\/span><\/a><\/li>\n<li><a href=\"https:\/\/familyfirstresponder.ca\/team\/\" target=\"_blank\" rel=\"noopener\"><span style=\"font-weight: 400;\">Family First Responder<\/span><\/a><\/li>\n<li><a href=\"https:\/\/nursesunions.ca\" target=\"_blank\" rel=\"noopener\"><span style=\"font-weight: 400;\">F\u00e9d\u00e9ration canadienne des syndicats d\u2019infirmi\u00e8res et infirmiers<\/span><\/a><\/li>\n<li><a href=\"https:\/\/npf-fpn.com\" target=\"_blank\" rel=\"noopener\"><span style=\"font-weight: 400;\">F\u00e9d\u00e9ration de la police nationale<\/span><\/a><\/li>\n<li><a href=\"https:\/\/firewell.ca\/\" target=\"_blank\" rel=\"noopener\"><span style=\"font-weight: 400;\">Firewell<\/span><\/a><\/li>\n<li><a href=\"https:\/\/www.medavie.ca\/en\/medavie-foundation\/\" target=\"_blank\" rel=\"noopener\"><span style=\"font-weight: 400;\">Fondation Medavie pour la sant\u00e9<\/span><\/a><\/li>\n<li><a href=\"https:\/\/www.frontenaccounty.ca\/en\/paramedics\/index.aspx\" target=\"_blank\" rel=\"noopener\"><span style=\"font-weight: 400;\">Frontenac Paramedics<\/span><\/a><\/li>\n<li><a href=\"https:\/\/garnetfamilies.com\" target=\"_blank\" rel=\"noopener\"><span style=\"font-weight: 400;\">Garnet Families<\/span><\/a><\/li>\n<li><a href=\"http:\/\/www.rcmpstudy.ca\/\" target=\"_blank\" rel=\"noopener\"><span style=\"font-weight: 400;\">Gendarmerie royale du Canada (GRC)<\/span><\/a><\/li>\n<li><a href=\"https:\/\/ipcounified.ca\" target=\"_blank\" rel=\"noopener\"><span style=\"font-weight: 400;\">Indigenous Police Chiefs of Ontario<\/span><\/a><\/li>\n<li><a href=\"https:\/\/cimvhr.ca\" target=\"_blank\" rel=\"noopener\"><span style=\"font-weight: 400;\">Institut canadien de recherche sur la sant\u00e9 des militaires et des v\u00e9t\u00e9rans<\/span><\/a><\/li>\n<li><a href=\"https:\/\/www.cipsrt-icrtsp.ca\/fr\/home\">Institut canadien de recherche et de traitement en s\u00e9curit\u00e9 publique (ICRTSP)<\/a><\/li>\n<li><a href=\"https:\/\/cihr-irsc.gc.ca\/e\/8602.html\" target=\"_blank\" rel=\"noopener\"><span style=\"font-weight: 400;\">Instituts de recherche en sant\u00e9 du Canada &#8211; Institut des neurosciences, de la sant\u00e9 mentale et des toxicomanies<\/span><\/a><\/li>\n<li><a href=\"https:\/\/atlasveterans.ca\" target=\"_blank\" rel=\"noopener\"><span style=\"font-weight: 400;\">L\u2019Institut Atlas pour les v\u00e9t\u00e9rans et leur famille<\/span><\/a><\/li>\n<li><a href=\"https:\/\/www.theroyal.ca\/research\/about-research\/awards-conferences\/royal-mach-gaensslen-prize-mental-health-research\" target=\"_blank\" rel=\"noopener\"><span style=\"font-weight: 400;\">L\u2019Institut de recherche en sant\u00e9 mentale et la Fondation Mach-Gaensslen du Canada<\/span><\/a><\/li>\n<li><a href=\"https:\/\/news.ontario.ca\/en\/release\/60187\/ontario-taking-steps-to-improve-mental-health-supports-for-first-responders-and-public-safety-personnel\" target=\"_blank\" rel=\"noopener\"><span style=\"font-weight: 400;\">Mental Health Secretariat of Ontario<\/span><\/a><\/li>\n<li><a href=\"https:\/\/mjpolice.ca\" target=\"_blank\" rel=\"noopener\"><span style=\"font-weight: 400;\">Moose Jaw Police Servic<\/span><\/a><\/li>\n<li><a href=\"https:\/\/www.onlinetherapyuser.ca\" target=\"_blank\" rel=\"noopener\"><span style=\"font-weight: 400;\">Online Therapy Unit<\/span><\/a><\/li>\n<li><a href=\"https:\/\/www.oacp.ca\/en\/index.aspx\" target=\"_blank\" rel=\"noopener\"><span style=\"font-weight: 400;\">Ontario Association of Chiefs of Police<\/span><\/a><\/li>\n<li><a href=\"https:\/\/pscs.ca\" target=\"_blank\" rel=\"noopener\"><span style=\"font-weight: 400;\">\u00a0Paramedic Services Chiefs of Saskatchewan<\/span><\/a><\/li>\n<\/ul>\n                            <\/div>\n                            <div class=\"col-md-6 logo-items-name\">\n                                <ul>\n<li><a href=\"https:\/\/www.ptbocounty.ca\/en\/living\/paramedics.aspx\" target=\"_blank\" rel=\"noopener\"><span style=\"font-weight: 400;\">Peterborough County-City Paramedics<\/span><\/a><\/li>\n<li><a href=\"https:\/\/www.opp.ca\" target=\"_blank\" rel=\"noopener\"><span style=\"font-weight: 400;\">Police provinciale de l\u2019Ontario<\/span><\/a><\/li>\n<li><a href=\"https:\/\/www.flinders.edu.au\/engage\/community\/clinics\/posttraumatic-stress-clinic\" target=\"_blank\" rel=\"noopener\"><span style=\"font-weight: 400;\">Posttraumatic Stress Clinic, Flinders University<\/span><\/a><\/li>\n<li><a href=\"https:\/\/reginapoliceassociation.ca\" target=\"_blank\" rel=\"noopener\"><span style=\"font-weight: 400;\">Pr\u00e9sident, Association de police de Regina<\/span><\/a><\/li>\n<li><a href=\"https:\/\/www.papolice.ca\" target=\"_blank\" rel=\"noopener\"><span style=\"font-weight: 400;\">Prince Albert Police Service<\/span><\/a><\/li>\n<li><a href=\"https:\/\/www.pspnet.ca\" target=\"_blank\" rel=\"noopener\"><span style=\"font-weight: 400;\">PSPNET<\/span><\/a><\/li>\n<li><a href=\"https:\/\/www.pspnet.ca\/en\/for-families-of-psp\" target=\"_blank\" rel=\"noopener\"><span style=\"font-weight: 400;\">PSPNET Familles<\/span><\/a><\/li>\n<li><a href=\"https:\/\/www.mhrc.ca\" target=\"_blank\" rel=\"noopener\"><span style=\"font-weight: 400;\"> Recherche en sant\u00e9 mentale Canada<\/span><\/a><\/li>\n<li><a href=\"https:\/\/www.sarvac.ca\/\" target=\"_blank\" rel=\"noopener\"><span style=\"font-weight: 400;\">Recherche et sauvetage Canada<\/span><\/a><\/li>\n<li><a href=\"https:\/\/www.regina.ca\/home-property\/safety-emergencies\/fire\/\" target=\"_blank\" rel=\"noopener\"><span style=\"font-weight: 400;\"> Regina Fire and Protective Services<\/span><\/a><\/li>\n<li><a href=\"https:\/\/www.reginapolice.ca\" target=\"_blank\" rel=\"noopener\"><span style=\"font-weight: 400;\"> Regina Police Service<\/span><\/a><\/li>\n<li><a href=\"https:\/\/www.sacp.ca\" target=\"_blank\" rel=\"noopener\"><span style=\"font-weight: 400;\"> Saskatchewan Association of Chiefs of Police<\/span><\/a><\/li>\n<li><a href=\"https:\/\/saskpolice.com\" target=\"_blank\" rel=\"noopener\"><span style=\"font-weight: 400;\"> Saskatchewan Federation of Police Officers<\/span><\/a><\/li>\n<li><a href=\"https:\/\/www.saskhealthauthority.ca\/\" target=\"_blank\" rel=\"noopener\"><span style=\"font-weight: 400;\">Saskatchewan Health Authority<\/span><\/a><\/li>\n<li><a href=\"https:\/\/www.shrf.ca\" target=\"_blank\" rel=\"noopener\"><span style=\"font-weight: 400;\"> Saskatchewan Health Research Foundation<\/span><\/a><\/li>\n<li><a href=\"https:\/\/www.saskatchewan.ca\/government\/directory?ou=237e5253-e61b-43de-b306-07a8a3505ba9\" target=\"_blank\" rel=\"noopener\"><span style=\"font-weight: 400;\"> Saskatchewan Marshals Service<\/span><\/a><\/li>\n<li><a href=\"https:\/\/www.saskatchewan.ca\/residents\/justice-crime-and-the-law\/saskatchewan-police-college\" target=\"_blank\" rel=\"noopener\"><span style=\"font-weight: 400;\"> Saskatchewan Police College<\/span><\/a><\/li>\n<li><a href=\"https:\/\/saskatoonpolice.ca\" target=\"_blank\" rel=\"noopener\"><span style=\"font-weight: 400;\"> Saskatoon Police Service<\/span><\/a><\/li>\n<li><a href=\"https:\/\/saskatoonpolice.ca\" target=\"_blank\" rel=\"noopener\"><span style=\"font-weight: 400;\"> S\u00e9curit\u00e9 publique Canada<\/span><\/a><\/li>\n<li><a href=\"https:\/\/www.canada.ca\/en\/correctional-service.html\" target=\"_blank\" rel=\"noopener\"><span style=\"font-weight: 400;\"> Service correctionnel Canada<\/span><\/a><\/li>\n<li><\/li>\n<li><a href=\"http:\/\/www.988.ca\" target=\"_blank\" rel=\"noopener\"><span style=\"font-weight: 400;\">Service de pr\u00e9vention du suicide du Canada<\/span><\/a><\/li>\n<li><a href=\"https:\/\/ottawa.ca\/en\/health-and-public-safety\/ottawa-paramedic-service\" target=\"_blank\" rel=\"noopener\"><span style=\"font-weight: 400;\"> Services param\u00e9dicaux de la ville d\u2019Ottawa<\/span><\/a><\/li>\n<li><a href=\"https:\/\/saskfirstrespondersmentalhealth.ca\" target=\"_blank\" rel=\"noopener\"><span style=\"font-weight: 400;\"> SK First Responders Mental Health Committee<\/span><\/a><\/li>\n<li><a href=\"https:\/\/cpa.ca\" target=\"_blank\" rel=\"noopener\"><span style=\"font-weight: 400;\"> Soci\u00e9t\u00e9 canadienne de psychologie<\/span><\/a><\/li>\n<li><a href=\"https:\/\/rsc-src.ca\" target=\"_blank\" rel=\"noopener\"><span style=\"font-weight: 400;\"> Soci\u00e9t\u00e9 royale du Canada<\/span><\/a><\/li>\n<li><a href=\"https:\/\/ucco-sacc-csn.ca\" target=\"_blank\" rel=\"noopener\"><span style=\"font-weight: 400;\"> Syndicat des agents correctionnels du Canada<\/span><\/a><\/li>\n<li><a href=\"https:\/\/usje-sesj.com\/en\/usje\/\" target=\"_blank\" rel=\"noopener\"><span style=\"font-weight: 400;\"> Syndicat des employ\u00e9-e-s de la S\u00e9curit\u00e9 et de la Justice<\/span><\/a><\/li>\n<li><a href=\"https:\/\/tema.foundation\" target=\"_blank\" rel=\"noopener\"><span style=\"font-weight: 400;\">Tema Foundation<\/span><\/a><\/li>\n<li><a href=\"https:\/\/www.usc.edu.au\/thompson-institute\/national-ptsd-research-centre\" target=\"_blank\" rel=\"noopener\"><span style=\"font-weight: 400;\">The National PTSD Research Centre, Australia<\/span><\/a><\/li>\n<li><a href=\"https:\/\/www.thetraumaandrecoverylab.com\" target=\"_blank\" rel=\"noopener\"><span style=\"font-weight: 400;\">Trauma and Recovery Lab<\/span><\/a><\/li>\n<li><a href=\"https:\/\/www.ptsd.va.gov\" target=\"_blank\" rel=\"noopener\"><span style=\"font-weight: 400;\"> U. S. Department of Veterans Affairs, PTSD: National Center for PTSD<\/span><\/a><\/li>\n<li><a href=\"https:\/\/www.uccmpolice.com\" target=\"_blank\" rel=\"noopener\"><span style=\"font-weight: 400;\"> UCCM Anishnaabe Police<\/span><\/a><\/li>\n<li><a href=\"https:\/\/www.uregina.ca\" target=\"_blank\" rel=\"noopener\"><span style=\"font-weight: 400;\"> Universit\u00e9 de R\u00e9gina<\/span><\/a><\/li>\n<li><a href=\"https:\/\/www.uregina.ca\/arts\/psychology\/index.html\" target=\"_blank\" rel=\"noopener\"><span style=\"font-weight: 400;\"> University of Regina, Department of Psychology<\/span><\/a><\/li>\n<li><a href=\"https:\/\/www.uregina.ca\/arts\/index.html\" target=\"_blank\" rel=\"noopener\"><span style=\"font-weight: 400;\"> University of Regina, Faculty of Arts<\/span><\/a><\/li>\n<li><a href=\"https:\/\/www.wayfound.ca\" target=\"_blank\" rel=\"noopener\"><span style=\"font-weight: 400;\"> Wayfound Mental Health Group<\/span><\/a><\/li>\n<li><a href=\"http:\/\/weyburnpolice.ca\" target=\"_blank\" rel=\"noopener\"><span style=\"font-weight: 400;\"> Weyburn Police Service<\/span><\/a><\/li>\n<li><a href=\"https:\/\/woundedwarriors.ca\/\" target=\"_blank\" rel=\"noopener\"><span style=\"font-weight: 400;\">Wounded Warriors Canada<\/span><\/a><\/li>\n<li><\/li>\n<\/ul>\n                            <\/div>\n                        <\/div>\n                    <\/div>\n                    <img decoding=\"async\" src=\"https:\/\/ptsslab.ca\/wp-content\/themes\/ptss\/assets\/images\/ligh-overlay-logo.svg\" class=\"light-overlay-logo\" alt=\"PTSS\">\n                <\/div>\n            <\/div>   \n         \n    <\/div>\n<\/section>\n\n\n\n\n<!-- collaborators -->\n<section id=\"collaborators-0069cf\" class=\"collaborators\">\n    <div class=\"container position-relative\">\n                    <div class=\"row --heading\">\n                <div class=\"col-lg-3 pe-lg-0\">\n                    <h2>Collaborateurs \u00e0 l&rsquo;\u00e9laboration de l&rsquo;outil d&rsquo;auto-\u00e9valuation<\/h2>\n                <\/div>\n                <div class=\"col-md-8 ps-lg-5 offset-lg-1\">\n                    <p>Nous tenons \u00e0 remercier tous les membres du PSP participants et les chercheurs impliqu\u00e9s pour leur contribution \u00e0 l\u2019outil d\u2019auto\u00e9valuation, et les \u00e9tudes qui ont \u00e9t\u00e9 effectu\u00e9es sur lesquelles les valeurs normatives sont fond\u00e9es. Une grande \u00e9quipe diversifi\u00e9e a permis de cr\u00e9er cet outil d\u2019auto\u00e9valuation.<\/p>\n<p>Si nous avons omis votre nom lors du lancement du site Web, nous nous en excusons, merci de nous en faire part afin que nous puissions l\u2019ajouter.<\/p>\n                <\/div>\n            <\/div>\n                            <div class=\"row\">\n                <div class=\"col-12\">\n                    <div class=\"collaborators-listing\">\n                        <div class=\"row justify-content-between w-100 max-880\">\n                            <div class=\"col-md-6 logo-items-name\">\n                                <h2><span style=\"text-decoration: underline;\">Personnes<\/span><\/h2>\n<ul>\n<li style=\"list-style-type: none;\">\n<ul>\n<li><a href=\"https:\/\/www.usc.edu.au\/staff\/professor-alain-brunet\">Alain Brunet<\/a><\/li>\n<li><a href=\"https:\/\/www.highpointpsychology.com\/about-high-point\">Andrea Stelnicki<\/a><\/li>\n<li><a href=\"https:\/\/www.linkedin.com\/in\/andr%C3%A9anne-angehrn-ab881115b\/?originalSubdomain=ca\">Andreanne Angehrn<\/a><\/li>\n<li><a href=\"https:\/\/www.schulich.uwo.ca\/psychiatry\/divisions_programs\/general_adult_psychiatry\/general_psychiatry_faculty\/anthony_nazarov_phd_pmp.html\">Anthony Nazarov<\/a><\/li>\n<li><a href=\"https:\/\/experts.mcmaster.ca\/display\/birdb5\">Brian M. Bird<\/a><\/li>\n<li><a href=\"https:\/\/curtgriffiths.com\/cv\/\">Curt T. Griffiths<\/a><\/li>\n<li><a href=\"https:\/\/www.coastalpsych.ca\/lebouthillier\">Daniel M. LeBouthillier<\/a><\/li>\n<li><a href=\"https:\/\/findanexpert.unimelb.edu.au\/profile\/4979-david-forbes\">David Forbes<\/a><\/li>\n<li><a href=\"https:\/\/psychiatry.queensu.ca\/directory\/qufa\/dianne-groll\">Dianne L. Groll<\/a><\/li>\n<li><a href=\"https:\/\/www.osiresearch.ca\/gargala\">Dominic Gargala<\/a><\/li>\n<li><a href=\"https:\/\/www.osiresearch.ca\/collins\">Erin Collins<\/a><\/li>\n<li><a href=\"https:\/\/www.uregina.ca\/arts\/psychology\/directory\/faculty\/asmundson-g.html\">Gordon J.G. Asmundson<\/a><\/li>\n<li><a href=\"https:\/\/www.cipsrt-icrtsp.ca\/en\/profile\/greg-anderson\/team\/151\">Gregory S. Anderson<\/a><\/li>\n<li><a href=\"https:\/\/rehab.queensu.ca\/heidi-cramm\">Heidi A. Cramm<\/a><\/li>\n<li><a href=\"https:\/\/www.pspnet.ca\/en\/team-member\/heather-hadjistavropoulos\">Heather Hadjistavropoulos<\/a><\/li>\n<li><a href=\"https:\/\/www.schulich.uwo.ca\/psychiatry\/\/divisions_programs\/general_adult_psychiatry\/general_psychiatry_faculty\/j_don_richardson_mdfrcpc.html\">J. Don Richardson<\/a><\/li>\n<li><a href=\"https:\/\/www.cipsrt-icrtsp.ca\/en\/profile\/jill-price\/team\/151\">Jill A.B. Price<\/a><\/li>\n<li><a href=\"https:\/\/umanitoba.ca\/medicine\/faculty-staff\/jitender-sareen\">Jitender Sareen<\/a><\/li>\n<li><a href=\"https:\/\/cfbsjs.usask.ca\/about-us\/Profiles\/community-members\/dr.-john-weekes.php\">John R. Weekes<\/a><\/li>\n<li><a href=\"https:\/\/ptsslab.ca\/about\/#our-team\">Jolan Nisbet<\/a><\/li>\n<li><a href=\"https:\/\/www.researchgate.net\/profile\/Kadie-Hozempa\">Kadie Hozempa<\/a><\/li>\n<li><a href=\"https:\/\/ptsslab.ca\/about\/#our-team\" target=\"_blank\" rel=\"noopener\">Katie L. Andrews<\/a><\/li>\n<li><a href=\"https:\/\/profiles.ucalgary.ca\/keith-stephen-dobson\">Keith S. Dobson<\/a><\/li>\n<li><a href=\"https:\/\/www.schoolofpublicpolicy.sk.ca\/about\/faculty\/kelly-abrams.php\">Kelly J. Abrams<\/a><\/li>\n<li><a href=\"https:\/\/uwm.edu\/publichealth\/directory\/jamshidi-laleh\/\">Laleh Jamshidi<\/a><\/li>\n<li><a href=\"https:\/\/www.osiresearch.ca\/roth\">Maya L. Roth<\/a><\/li>\n<li><a href=\"https:\/\/scispace.com\/authors\/michelle-j-n-teale-sapach-5e14b5xyeo\">Michelle. J. N Teale Sapach<\/a><\/li>\n<li><a href=\"https:\/\/www.uregina.ca\/arts\/justice-studies\/directory\/jones-n.html\">Nicholas A. Jones<\/a><\/li>\n<li><a href=\"https:\/\/ptsslab.ca\/about\/#our-team\">R. Nicholas Carleton<\/a><\/li>\n<li><a href=\"https:\/\/www.wlu.ca\/academics\/faculties\/faculty-of-science\/faculty-profiles\/renee-s-macphee\/index.html\">Renee S. MacPhee<\/a><\/li>\n<li><a href=\"https:\/\/www.cipsrt-icrtsp.ca\/en\/profile\/rose-ricciardelli\/team\/153\">Rosemary Ricciardelli<\/a><\/li>\n<li><a href=\"https:\/\/www.shadibeshai.ca\/\">Shadi Beshai<\/a><\/li>\n<li><a href=\"https:\/\/medicine.dal.ca\/departments\/department-sites\/psychiatry\/our-people\/faculty\/sherry-stewart.html\">Sherry H. Stewart<\/a><\/li>\n<li><a href=\"https:\/\/www.ohri.ca\/profile\/Simon_Hatcher\/profile\">Simon Hatcher<\/a><\/li>\n<li><a href=\"https:\/\/www.osiresearch.ca\/wanklyn\">Sonya G. Wanklyn<\/a><\/li>\n<li><a href=\"https:\/\/www.centreforchange.ca\/dr-sophie-duranceau\">Sophie Duranceau<\/a><\/li>\n<li><a href=\"https:\/\/www.osiresearch.ca\/houle\">Stephanie A. Houle<\/a><\/li>\n<li><a href=\"https:\/\/umanitoba.ca\/medicine\/faculty-staff\/tamara-taillieu\">Tamara Taillieu<\/a><\/li>\n<li><a href=\"https:\/\/ptsslab.ca\/about\/#our-team\">Taylor A. Teckchandani<\/a><\/li>\n<li><a href=\"https:\/\/umanitoba.ca\/medicine\/faculty-staff\/tracie-afifi\">Tracie O. Afifi<\/a><\/li>\n<li><\/li>\n<\/ul>\n<\/li>\n<\/ul>\n<p>&nbsp;<\/p>\n                            <\/div>\n                            <div class=\"col-md-6 logo-items-name\">\n                                <h2><span style=\"text-decoration: underline;\">Organisations<\/span><\/h2>\n<ul>\n<li><a href=\"https:\/\/badgeoflifecanada.org\/about-us\/our-people\/?doing_wp_cron=1756912223.1270160675048828125000\">Badge of Life Canada<\/a><\/li>\n<li><a href=\"https:\/\/lovemymountie.wordpress.com\/?fbclid=IwY2xjawLvQEpleHRuA2FlbQIxMABicmlkETFWZ1U3a2o4cFJ0OHBSdFNxAR563YFxDUGDHGUGmhBMdcfCHvaaraBdSd9P-MNaSyuVF0lfGEH3XWkCNmlwEQ_aem_dhvGXgGwHEEcgMcykee5kQ\">Behind the Red Serge<\/a><\/li>\n<li><a href=\"https:\/\/capg.ca\/\">Canadian Association for Police Governance<\/a><\/li>\n<li><a href=\"https:\/\/www.cacp.ca\/\">Canadian Association of Chiefs of Police<\/a><\/li>\n<li><a href=\"https:\/\/cafc.ca\/\">Canadian Association of Fire Chiefs<\/a><\/li>\n<li><a href=\"https:\/\/cimvhr.ca\/\">Canadian Institute for Military and Veteran Health Research (CIMVHR)<\/a><\/li>\n<li><a href=\"https:\/\/www.cipsrt-icrtsp.ca\/\">\u00a0Canadian Institute for Public Safety Research and Treatment (CIPSRT)<\/a><\/li>\n<li><a href=\"https:\/\/www.publicsafety.gc.ca\/cnt\/mrgnc-mngmnt\/mrgnc-prprdnss\/index-en.aspx\">Canadian Ministry of Public Safety and Emergency Preparedness<\/a><\/li>\n<li><a href=\"http:\/\/www.cpa-acp.ca\/\">Canadian Police Association<\/a><\/li>\n<li><a href=\"https:\/\/cskacanada.ca\/\">Community Safety Knowledge Alliance<\/a><\/li>\n<li><a href=\"https:\/\/www.canada.ca\/en\/correctional-service.html\">\u00a0Correctional Service of Canada<\/a><\/li>\n<li>Families of the RCMP for PTSD Awareness<\/li>\n<li>First Responder Mental Health Network Collaboration<\/li>\n<li><a href=\"https:\/\/www.iaff.org\/\">International Association of Firefighters<\/a><\/li>\n<li><a href=\"https:\/\/www.collegesinstitutes.ca\/members\/justice-institute-of-british-columbia\/\">Justice Institute of British Columbia<\/a><\/li>\n<li><a href=\"https:\/\/mentalhealthcommission.ca\/\">Mental Health Commission of Canada<\/a><\/li>\n<li><a href=\"https:\/\/mdsc.ca\/\">Mood Disorders Society of Canada<\/a><\/li>\n<li><a href=\"https:\/\/mha.nshealth.ca\/en\/clinics\/ns-operational-stress-injury-clinic\">Nova Scotia Operational Stress Injury Clinic\u2013Capital Health<\/a><\/li>\n<li><a href=\"https:\/\/paramedic.ca\/\">Paramedic Association of Canada<\/a><\/li>\n<li><a href=\"https:\/\/www.paramedicchiefs.ca\/\">Paramedic Chiefs of Canada<\/a><\/li>\n<li><a href=\"http:\/\/www.pspnet.ca\/\">PSPNET<\/a><\/li>\n<li><a href=\"http:\/\/www.rcmpstudy.ca\/\">Royal Canadian Mounted Police<\/a><\/li>\n<li><a href=\"https:\/\/tema.foundation\/\">Tema Conter Trust<\/a><\/li>\n<li><a href=\"https:\/\/usje-sesj.com\/en\/usje\/\">Union of Safety and Justice Employees<\/a><\/li>\n<li><a href=\"https:\/\/woundedwarriors.ca\/\">Wounded Warriors Canada<\/a><\/li>\n<\/ul>\n                            <\/div>\n                        <\/div>\n                    <\/div>\n                    <img decoding=\"async\" src=\"https:\/\/ptsslab.ca\/wp-content\/themes\/ptss\/assets\/images\/ligh-overlay-logo.svg\" class=\"light-overlay-logo\" alt=\"PTSS\">\n                <\/div>\n            <\/div>   \n         \n    <\/div>\n<\/section>\n\n\n\n\n<div class=\"wp-block-cover is-light collab-wrapper\"><span aria-hidden=\"true\" class=\"wp-block-cover__background has-base-background-color has-background-dim-100 has-background-dim\"><\/span><div class=\"wp-block-cover__inner-container has-global-padding is-layout-constrained wp-block-cover-is-layout-constrained\">\n<div class=\"wp-block-columns is-layout-flex wp-container-core-columns-is-layout-28f84493 wp-block-columns-is-layout-flex\">\n<div class=\"wp-block-column is-layout-flow wp-block-column-is-layout-flow\" style=\"flex-basis:40%\">\n<h2 class=\"wp-block-heading\">Comment nous collaborons<\/h2>\n\n\n\n<p>La collaboration est au c\u0153ur de ce qu\u2019on fait. Nous travaillons avec des <strong>gouvernements, des organismes sans but lucratif, des \u00e9tablissements de soins de sant\u00e9, et des chefs de file dans le domaine <\/strong>afin&nbsp;:<\/p>\n<\/div>\n\n\n\n<div class=\"wp-block-column is-layout-flow wp-block-column-is-layout-flow\" style=\"flex-basis:7%\"><\/div>\n\n\n\n<div class=\"wp-block-column is-layout-flow wp-block-column-is-layout-flow\">\n<ul class=\"wp-block-list\">\n<li>D\u2019\u00e9laborer et de mettre en \u0153uvre des <strong>programmes en sant\u00e9 mentale bas\u00e9s sur la recherche\u2009;<\/strong><\/li>\n\n\n\n<li>De<strong>&nbsp;former et \u00e9duquer<\/strong>&nbsp;le PSP et ses dirigeants\u2009;<\/li>\n\n\n\n<li>De concevoir et d\u00e9ployer des <strong>\u00e9tudes \u00e0 grande \u00e9chelle <\/strong>pour fa\u00e7onner les strat\u00e9gies en sant\u00e9 mentale\u2009;<\/li>\n\n\n\n<li>De promouvoir l\u2019<strong>am\u00e9lioration des politiques en sant\u00e9 mentale <\/strong>en se basant sur des observations scientifiques.<\/li>\n<\/ul>\n<\/div>\n<\/div>\n<\/div><\/div>\n\n\n\n<div class=\"wp-block-group left-right-content left-circle-element key-details coming-soon has-global-padding is-layout-constrained wp-block-group-is-layout-constrained\">\n<div class=\"wp-block-columns is-layout-flex wp-container-core-columns-is-layout-28f84493 wp-block-columns-is-layout-flex\">\n<div class=\"wp-block-column container justify-content-between coming-soon-section is-layout-flow wp-block-column-is-layout-flow\">\n<div class=\"wp-block-columns align-items-start is-layout-flex wp-container-core-columns-is-layout-28f84493 wp-block-columns-is-layout-flex\">\n<div class=\"wp-block-column left-content text-center is-layout-flow wp-block-column-is-layout-flow\">\n<h6 class=\"wp-block-heading\" style=\"margin-bottom:16px\"><strong>\u00c0 venir bient\u00f4t<\/strong><\/h6>\n\n\n\n<h2 class=\"wp-block-heading\">Chercheur et cliniciens collaborateurs<\/h2>\n\n\n\n<h3 class=\"wp-block-heading\">Nous sommes fiers de collaborer avec des chercheurs et des cliniciens d\u00e9vou\u00e9s de partout dans le monde, qui se consacrent \u00e0 soutenir la sant\u00e9 mentale des professionnels expos\u00e9s \u00e0 des traumatismes. Nous vous pr\u00e9senterons ces collaborateurs bient\u00f4t\u2009! &nbsp;<\/h3>\n<\/div>\n<\/div>\n<\/div>\n<\/div>\n<\/div>\n\n\n\n<section id=\"img-list-c42a0c\" class=\"image-with-list  work-with-us\"\n    style=\"background-color: #FFF; \">\n    <div class=\"container\">\n                    <div class=\"row\">\n                <div class=\"col-12\">\n                    <div class=\"top-content\">\n                        <h2>Collaborer<\/h2>\n<p>\u00cates-vous une organisation ou un bailleur de fonds int\u00e9ress\u00e9 par un <strong>partenariat avec le Laboratoire SSTP<\/strong> ? Les nouveaux collaborateurs engag\u00e9s \u00e0 <strong>am\u00e9liorer les solutions en sant\u00e9 mentale<\/strong> pour le personnel de la s\u00e9curit\u00e9 publique sont tous les bienvenus.<\/p>\n                    <\/div>\n                <\/div>\n            <\/div>\n        \n        <div class=\"row  work-with-us  justify-content-between flex-row align-items-center \">\n            <div class=\"col-lg-6\">\n                                    <div class=\"image-wrapper\">\n                        <figure>\n                            <img decoding=\"async\" src=\"https:\/\/ptsslab.ca\/wp-content\/uploads\/2025\/02\/laptopImg.png\" alt=\"\" class=\"img-fluid\">\n                        <\/figure>\n                    <\/div>\n                            <\/div>\n\n            <div class=\"col-lg-5\">\n                <div class=\"content-wrapper\">\n                                            <div class=\"right-content\">\n                            <h4>D\u00e9veloppement de recherche et de programmes sur mesure<\/h4>\n<p><span dir=\"ltr\" role=\"presentation\">Des \u00e9tudes et des projets <\/span><span dir=\"ltr\" role=\"presentation\">adapt\u00e9s pour r\u00e9pondre aux besoins particuliers en sant\u00e9 mentale du PSP.<\/span><\/p>\n<hr \/>\n<h4>Possibilit\u00e9s de financement<\/h4>\n<p><span dir=\"ltr\" role=\"presentation\">Soutenir la recherche et les interventions de pointe en sant\u00e9 <\/span><span dir=\"ltr\" role=\"presentation\">mentale.<\/span><\/p>\n<hr \/>\n<h4>Partager et d\u00e9fendre les connaissances<\/h4>\n<p><span dir=\"ltr\" role=\"presentation\">Joignez-vous \u00e0 nous pour fa\u00e7onner les politiques <\/span><span dir=\"ltr\" role=\"presentation\">et les pratiques exemplaires pour le bien-\u00eatre mental du PSP.<\/span><\/p>\n                        <\/div>\n                    \n                                            <div class=\"link-wrapper\">\n                            <a href=\"http:\/\/ptsslab.ca\/fr\/contact\/\" target=\"\"\n                                class=\"btn btn-primary\">\n                                Nous \u00e9crire pour collaborer                            <\/a>\n                        <\/div>\n                                    <\/div>\n            <\/div>\n        <\/div>\n    <\/div>\n<\/section>","protected":false},"excerpt":{"rendered":"<p>\u00c0 venir bient\u00f4t Chercheur et cliniciens collaborateurs Nous sommes fiers de collaborer avec des chercheurs et des cliniciens d\u00e9vou\u00e9s de partout dans le monde, qui se consacrent \u00e0 soutenir la sant\u00e9 mentale des professionnels expos\u00e9s \u00e0 des traumatismes. Nous vous pr\u00e9senterons ces collaborateurs bient\u00f4t\u2009! &nbsp;<\/p>\n","protected":false},"author":1,"featured_media":0,"parent":0,"menu_order":0,"comment_status":"closed","ping_status":"closed","template":"","meta":{"_acf_changed":false,"footnotes":""},"class_list":["post-1767","page","type-page","status-publish","hentry"],"acf":[],"yoast_head":"<!-- This site is optimized with the Yoast SEO plugin v27.3 - https:\/\/yoast.com\/product\/yoast-seo-wordpress\/ -->\n<title>Collaborer avec le PTSS Lab pour d\u00e9velopper des solutions en mati\u00e8re de sant\u00e9 mentale<\/title>\n<meta name=\"description\" content=\"Nous collaborons avec des experts et des organisations pour d\u00e9velopper des programmes, des ressources et des interventions qui ont un impact significatif sur la sant\u00e9 mentale et le bien-\u00eatre.\" \/>\n<meta name=\"robots\" content=\"index, follow, max-snippet:-1, max-image-preview:large, max-video-preview:-1\" \/>\n<link rel=\"canonical\" href=\"https:\/\/ptsslab.ca\/fr\/collaborations\/\" \/>\n<meta property=\"og:locale\" content=\"fr_FR\" \/>\n<meta property=\"og:type\" content=\"article\" \/>\n<meta property=\"og:title\" content=\"Collaborer avec le PTSS Lab pour d\u00e9velopper des solutions en mati\u00e8re de sant\u00e9 mentale\" \/>\n<meta property=\"og:description\" content=\"Nous collaborons avec des experts et des organisations pour d\u00e9velopper des programmes, des ressources et des interventions qui ont un impact significatif sur la sant\u00e9 mentale et le bien-\u00eatre.\" \/>\n<meta property=\"og:url\" content=\"https:\/\/ptsslab.ca\/fr\/collaborations\/\" \/>\n<meta property=\"og:site_name\" content=\"PTSS Lab\" \/>\n<meta property=\"article:modified_time\" content=\"2025-09-03T21:54:36+00:00\" \/>\n<meta name=\"twitter:card\" content=\"summary_large_image\" \/>\n<meta name=\"twitter:label1\" content=\"Dur\u00e9e de lecture estim\u00e9e\" \/>\n\t<meta name=\"twitter:data1\" content=\"2 minutes\" \/>\n<script type=\"application\/ld+json\" class=\"yoast-schema-graph\">{\"@context\":\"https:\\\/\\\/schema.org\",\"@graph\":[{\"@type\":\"WebPage\",\"@id\":\"https:\\\/\\\/ptsslab.ca\\\/fr\\\/collaborations\\\/\",\"url\":\"https:\\\/\\\/ptsslab.ca\\\/fr\\\/collaborations\\\/\",\"name\":\"Collaborer avec le PTSS Lab pour d\u00e9velopper des solutions en mati\u00e8re de sant\u00e9 mentale\",\"isPartOf\":{\"@id\":\"https:\\\/\\\/ptsslab.ca\\\/fr\\\/#website\"},\"datePublished\":\"2025-02-15T20:18:04+00:00\",\"dateModified\":\"2025-09-03T21:54:36+00:00\",\"description\":\"Nous collaborons avec des experts et des organisations pour d\u00e9velopper des programmes, des ressources et des interventions qui ont un impact significatif sur la sant\u00e9 mentale et le bien-\u00eatre.\",\"breadcrumb\":{\"@id\":\"https:\\\/\\\/ptsslab.ca\\\/fr\\\/collaborations\\\/#breadcrumb\"},\"inLanguage\":\"fr-FR\",\"potentialAction\":[{\"@type\":\"ReadAction\",\"target\":[\"https:\\\/\\\/ptsslab.ca\\\/fr\\\/collaborations\\\/\"]}]},{\"@type\":\"BreadcrumbList\",\"@id\":\"https:\\\/\\\/ptsslab.ca\\\/fr\\\/collaborations\\\/#breadcrumb\",\"itemListElement\":[{\"@type\":\"ListItem\",\"position\":1,\"name\":\"Home\",\"item\":\"https:\\\/\\\/ptsslab.ca\\\/fr\\\/\"},{\"@type\":\"ListItem\",\"position\":2,\"name\":\"Collaboration\"}]},{\"@type\":\"WebSite\",\"@id\":\"https:\\\/\\\/ptsslab.ca\\\/fr\\\/#website\",\"url\":\"https:\\\/\\\/ptsslab.ca\\\/fr\\\/\",\"name\":\"PTSS Lab\",\"description\":\"Advancing Mental Health for Trauma-Exposed Professionals\",\"potentialAction\":[{\"@type\":\"SearchAction\",\"target\":{\"@type\":\"EntryPoint\",\"urlTemplate\":\"https:\\\/\\\/ptsslab.ca\\\/fr\\\/?s={search_term_string}\"},\"query-input\":{\"@type\":\"PropertyValueSpecification\",\"valueRequired\":true,\"valueName\":\"search_term_string\"}}],\"inLanguage\":\"fr-FR\"}]}<\/script>\n<!-- \/ Yoast SEO plugin. -->","yoast_head_json":{"title":"Collaborer avec le PTSS Lab pour d\u00e9velopper des solutions en mati\u00e8re de sant\u00e9 mentale","description":"Nous collaborons avec des experts et des organisations pour d\u00e9velopper des programmes, des ressources et des interventions qui ont un impact significatif sur la sant\u00e9 mentale et le bien-\u00eatre.","robots":{"index":"index","follow":"follow","max-snippet":"max-snippet:-1","max-image-preview":"max-image-preview:large","max-video-preview":"max-video-preview:-1"},"canonical":"https:\/\/ptsslab.ca\/fr\/collaborations\/","og_locale":"fr_FR","og_type":"article","og_title":"Collaborer avec le PTSS Lab pour d\u00e9velopper des solutions en mati\u00e8re de sant\u00e9 mentale","og_description":"Nous collaborons avec des experts et des organisations pour d\u00e9velopper des programmes, des ressources et des interventions qui ont un impact significatif sur la sant\u00e9 mentale et le bien-\u00eatre.","og_url":"https:\/\/ptsslab.ca\/fr\/collaborations\/","og_site_name":"PTSS Lab","article_modified_time":"2025-09-03T21:54:36+00:00","twitter_card":"summary_large_image","twitter_misc":{"Dur\u00e9e de lecture estim\u00e9e":"2 minutes"},"schema":{"@context":"https:\/\/schema.org","@graph":[{"@type":"WebPage","@id":"https:\/\/ptsslab.ca\/fr\/collaborations\/","url":"https:\/\/ptsslab.ca\/fr\/collaborations\/","name":"Collaborer avec le PTSS Lab pour d\u00e9velopper des solutions en mati\u00e8re de sant\u00e9 mentale","isPartOf":{"@id":"https:\/\/ptsslab.ca\/fr\/#website"},"datePublished":"2025-02-15T20:18:04+00:00","dateModified":"2025-09-03T21:54:36+00:00","description":"Nous collaborons avec des experts et des organisations pour d\u00e9velopper des programmes, des ressources et des interventions qui ont un impact significatif sur la sant\u00e9 mentale et le bien-\u00eatre.","breadcrumb":{"@id":"https:\/\/ptsslab.ca\/fr\/collaborations\/#breadcrumb"},"inLanguage":"fr-FR","potentialAction":[{"@type":"ReadAction","target":["https:\/\/ptsslab.ca\/fr\/collaborations\/"]}]},{"@type":"BreadcrumbList","@id":"https:\/\/ptsslab.ca\/fr\/collaborations\/#breadcrumb","itemListElement":[{"@type":"ListItem","position":1,"name":"Home","item":"https:\/\/ptsslab.ca\/fr\/"},{"@type":"ListItem","position":2,"name":"Collaboration"}]},{"@type":"WebSite","@id":"https:\/\/ptsslab.ca\/fr\/#website","url":"https:\/\/ptsslab.ca\/fr\/","name":"PTSS Lab","description":"Advancing Mental Health for Trauma-Exposed Professionals","potentialAction":[{"@type":"SearchAction","target":{"@type":"EntryPoint","urlTemplate":"https:\/\/ptsslab.ca\/fr\/?s={search_term_string}"},"query-input":{"@type":"PropertyValueSpecification","valueRequired":true,"valueName":"search_term_string"}}],"inLanguage":"fr-FR"}]}},"_links":{"self":[{"href":"https:\/\/ptsslab.ca\/fr\/wp-json\/wp\/v2\/pages\/1767","targetHints":{"allow":["GET"]}}],"collection":[{"href":"https:\/\/ptsslab.ca\/fr\/wp-json\/wp\/v2\/pages"}],"about":[{"href":"https:\/\/ptsslab.ca\/fr\/wp-json\/wp\/v2\/types\/page"}],"author":[{"embeddable":true,"href":"https:\/\/ptsslab.ca\/fr\/wp-json\/wp\/v2\/users\/1"}],"replies":[{"embeddable":true,"href":"https:\/\/ptsslab.ca\/fr\/wp-json\/wp\/v2\/comments?post=1767"}],"version-history":[{"count":33,"href":"https:\/\/ptsslab.ca\/fr\/wp-json\/wp\/v2\/pages\/1767\/revisions"}],"predecessor-version":[{"id":2354,"href":"https:\/\/ptsslab.ca\/fr\/wp-json\/wp\/v2\/pages\/1767\/revisions\/2354"}],"wp:attachment":[{"href":"https:\/\/ptsslab.ca\/fr\/wp-json\/wp\/v2\/media?parent=1767"}],"curies":[{"name":"wp","href":"https:\/\/api.w.org\/{rel}","templated":true}]}}