{"id":2530,"date":"2025-12-17T21:18:13","date_gmt":"2025-12-17T21:18:13","guid":{"rendered":"https:\/\/ptsslab.ca\/?post_type=research-material&#038;p=2530"},"modified":"2025-12-17T21:22:33","modified_gmt":"2025-12-17T21:22:33","slug":"une-evaluation-des-problemes-de-sante-mentale-et-des-facteurs-de-stress-professionnel-parmi-les-hauts-dirigeants-du-personnel-de-la-securite-publique","status":"publish","type":"research-material","link":"https:\/\/ptsslab.ca\/fr\/publication\/une-evaluation-des-problemes-de-sante-mentale-et-des-facteurs-de-stress-professionnel-parmi-les-hauts-dirigeants-du-personnel-de-la-securite-publique\/","title":{"rendered":"Une \u00e9valuation des probl\u00e8mes de sant\u00e9 mentale et des facteurs de stress professionnel parmi les hauts dirigeants du personnel de la s\u00e9curit\u00e9 publique"},"excerpt":{"rendered":"<p>Le personnel de s\u00e9curit\u00e9 publique (PSP ; par exemple, le personnel p\u00e9nitentiaire, les pompiers, le personnel param\u00e9dical, la police, les communicateurs de la s\u00e9curit\u00e9 publique) est in\u00e9vitablement expos\u00e9 \u00e0 des \u00e9v\u00e9nements potentiellement traumatisants sur le plan psychologique (EVPT ; par exemple, la mort, les blessures graves ou les violences sexuelles, r\u00e9elles ou menac\u00e9es). Les expositions fr\u00e9quentes \u00e0 l&rsquo;ETFP et d&rsquo;autres facteurs de stress professionnel sont associ\u00e9s \u00e0 des l\u00e9sions de stress post-traumatique (SSPT), y compris le syndrome de stress post-traumatique (SSPT), le trouble d\u00e9pressif majeur (TDM), le trouble anxieux g\u00e9n\u00e9ralis\u00e9 (TAG) et d&rsquo;autres comorbidit\u00e9s physiques et psychologiques. Les cadres sup\u00e9rieurs des PSP (chefs, directeurs, chefs adjoints) sont cens\u00e9s apporter des solutions efficaces en mati\u00e8re de sant\u00e9 mentale du personnel de premi\u00e8re ligne. La plupart des efforts se sont concentr\u00e9s sur les PSP de premi\u00e8re ligne, avec peu d&rsquo;efforts de soutien \u00e0 la sant\u00e9 mentale destin\u00e9s aux cadres sup\u00e9rieurs des PSP, bien que ces derniers soient g\u00e9n\u00e9ralement suppos\u00e9s avoir subi des EPPT et d&rsquo;autres facteurs de stress professionnel dans leurs r\u00f4les ant\u00e9rieurs de PSP de premi\u00e8re ligne, ce qui peut avoir eu un impact similaire sur leur sant\u00e9 mentale. \u00c0 ce jour, aucune \u00e9tude n&rsquo;a \u00e9valu\u00e9 les diff\u00e9rences entre les facteurs de stress professionnel, les sympt\u00f4mes de troubles mentaux et les comportements suicidaires (c.-\u00e0-d. id\u00e9es, planification, tentatives) au sein d&rsquo;un \u00e9chantillon diversifi\u00e9 de dirigeants des PSP canadiens par rapport aux PSP de premi\u00e8re ligne. La pr\u00e9sente \u00e9tude a \u00e9t\u00e9 con\u00e7ue pour \u00e9valuer les diff\u00e9rences dans les proportions de pr\u00e9valence du d\u00e9pistage des facteurs de stress professionnel, des troubles de sant\u00e9 mentale et des comportements suicidaires entre les diff\u00e9rents r\u00f4les organisationnels (c.-\u00e0-d. les cadres sup\u00e9rieurs des PSP [chefs, directeurs, chefs adjoints] et les PSP exer\u00e7ant d&rsquo;autres fonctions) dans les secteurs des services param\u00e9dicaux et des services de police, dans le but de soutenir largement le Plan d&rsquo;action national canadien sur les traumatismes li\u00e9s au stress post-traumatique. Les r\u00e9sultats indiquent que les cadres sup\u00e9rieurs des PSP ne sont pas moins susceptibles d&rsquo;\u00eatre d\u00e9pist\u00e9s positifs pour tout trouble de sant\u00e9 mentale, un ou plusieurs troubles de sant\u00e9 mentale ou des comportements suicidaires que les PSP de premi\u00e8re ligne dans le m\u00eame secteur des PSP, ce qui souligne que les cadres sup\u00e9rieurs des PSP ont \u00e9galement besoin d&rsquo;un soutien adapt\u00e9 en mati\u00e8re de sant\u00e9 mentale, en particulier compte tenu des facteurs de stress administratifs qui aggraveront n\u00e9cessairement l&rsquo;impact de leur service de premi\u00e8re ligne.<\/p>\n","protected":false},"featured_media":1675,"template":"","meta":{"_acf_changed":false},"keyword":[23,25,24],"class_list":["post-2530","research-material","type-research-material","status-publish","has-post-thumbnail","hentry","keyword-facteurs-de-stress-professionnels","keyword-suicide","keyword-troubles-de-sante-mentale"],"acf":[],"yoast_head":"<!-- This site is optimized with the Yoast SEO plugin v27.3 - https:\/\/yoast.com\/product\/yoast-seo-wordpress\/ -->\n<title>Une \u00e9valuation des probl\u00e8mes de sant\u00e9 mentale et des facteurs de stress professionnel parmi les hauts dirigeants du personnel de la s\u00e9curit\u00e9 publique - PTSS Lab<\/title>\n<meta name=\"robots\" content=\"index, follow, max-snippet:-1, max-image-preview:large, max-video-preview:-1\" \/>\n<link rel=\"canonical\" href=\"https:\/\/ptsslab.ca\/fr\/publication\/une-evaluation-des-problemes-de-sante-mentale-et-des-facteurs-de-stress-professionnel-parmi-les-hauts-dirigeants-du-personnel-de-la-securite-publique\/\" \/>\n<meta property=\"og:locale\" content=\"fr_FR\" \/>\n<meta property=\"og:type\" content=\"article\" \/>\n<meta property=\"og:title\" content=\"Une \u00e9valuation des probl\u00e8mes de sant\u00e9 mentale et des facteurs de stress professionnel parmi les hauts dirigeants du personnel de la s\u00e9curit\u00e9 publique - PTSS Lab\" \/>\n<meta property=\"og:description\" content=\"Le personnel de s\u00e9curit\u00e9 publique (PSP ; par exemple, le personnel p\u00e9nitentiaire, les pompiers, le personnel param\u00e9dical, la police, les communicateurs de la s\u00e9curit\u00e9 publique) est in\u00e9vitablement expos\u00e9 \u00e0 des \u00e9v\u00e9nements potentiellement traumatisants sur le plan psychologique (EVPT ; par exemple, la mort, les blessures graves ou les violences sexuelles, r\u00e9elles ou menac\u00e9es). Les expositions fr\u00e9quentes \u00e0 l&#039;ETFP et d&#039;autres facteurs de stress professionnel sont associ\u00e9s \u00e0 des l\u00e9sions de stress post-traumatique (SSPT), y compris le syndrome de stress post-traumatique (SSPT), le trouble d\u00e9pressif majeur (TDM), le trouble anxieux g\u00e9n\u00e9ralis\u00e9 (TAG) et d&#039;autres comorbidit\u00e9s physiques et psychologiques. Les cadres sup\u00e9rieurs des PSP (chefs, directeurs, chefs adjoints) sont cens\u00e9s apporter des solutions efficaces en mati\u00e8re de sant\u00e9 mentale du personnel de premi\u00e8re ligne. La plupart des efforts se sont concentr\u00e9s sur les PSP de premi\u00e8re ligne, avec peu d&#039;efforts de soutien \u00e0 la sant\u00e9 mentale destin\u00e9s aux cadres sup\u00e9rieurs des PSP, bien que ces derniers soient g\u00e9n\u00e9ralement suppos\u00e9s avoir subi des EPPT et d&#039;autres facteurs de stress professionnel dans leurs r\u00f4les ant\u00e9rieurs de PSP de premi\u00e8re ligne, ce qui peut avoir eu un impact similaire sur leur sant\u00e9 mentale. \u00c0 ce jour, aucune \u00e9tude n&#039;a \u00e9valu\u00e9 les diff\u00e9rences entre les facteurs de stress professionnel, les sympt\u00f4mes de troubles mentaux et les comportements suicidaires (c.-\u00e0-d. id\u00e9es, planification, tentatives) au sein d&#039;un \u00e9chantillon diversifi\u00e9 de dirigeants des PSP canadiens par rapport aux PSP de premi\u00e8re ligne. La pr\u00e9sente \u00e9tude a \u00e9t\u00e9 con\u00e7ue pour \u00e9valuer les diff\u00e9rences dans les proportions de pr\u00e9valence du d\u00e9pistage des facteurs de stress professionnel, des troubles de sant\u00e9 mentale et des comportements suicidaires entre les diff\u00e9rents r\u00f4les organisationnels (c.-\u00e0-d. les cadres sup\u00e9rieurs des PSP [chefs, directeurs, chefs adjoints] et les PSP exer\u00e7ant d&#039;autres fonctions) dans les secteurs des services param\u00e9dicaux et des services de police, dans le but de soutenir largement le Plan d&#039;action national canadien sur les traumatismes li\u00e9s au stress post-traumatique. Les r\u00e9sultats indiquent que les cadres sup\u00e9rieurs des PSP ne sont pas moins susceptibles d&#039;\u00eatre d\u00e9pist\u00e9s positifs pour tout trouble de sant\u00e9 mentale, un ou plusieurs troubles de sant\u00e9 mentale ou des comportements suicidaires que les PSP de premi\u00e8re ligne dans le m\u00eame secteur des PSP, ce qui souligne que les cadres sup\u00e9rieurs des PSP ont \u00e9galement besoin d&#039;un soutien adapt\u00e9 en mati\u00e8re de sant\u00e9 mentale, en particulier compte tenu des facteurs de stress administratifs qui aggraveront n\u00e9cessairement l&#039;impact de leur service de premi\u00e8re ligne.\" \/>\n<meta property=\"og:url\" content=\"https:\/\/ptsslab.ca\/fr\/publication\/une-evaluation-des-problemes-de-sante-mentale-et-des-facteurs-de-stress-professionnel-parmi-les-hauts-dirigeants-du-personnel-de-la-securite-publique\/\" \/>\n<meta property=\"og:site_name\" content=\"PTSS Lab\" \/>\n<meta property=\"article:modified_time\" content=\"2025-12-17T21:22:33+00:00\" \/>\n<meta property=\"og:image\" content=\"https:\/\/ptsslab.ca\/wp-content\/uploads\/2025\/02\/Reliable-Collaborative-Content11.png\" \/>\n\t<meta property=\"og:image:width\" content=\"783\" \/>\n\t<meta property=\"og:image:height\" content=\"954\" \/>\n\t<meta property=\"og:image:type\" content=\"image\/png\" \/>\n<meta name=\"twitter:card\" content=\"summary_large_image\" \/>\n<script type=\"application\/ld+json\" class=\"yoast-schema-graph\">{\"@context\":\"https:\\\/\\\/schema.org\",\"@graph\":[{\"@type\":\"WebPage\",\"@id\":\"https:\\\/\\\/ptsslab.ca\\\/fr\\\/publication\\\/une-evaluation-des-problemes-de-sante-mentale-et-des-facteurs-de-stress-professionnel-parmi-les-hauts-dirigeants-du-personnel-de-la-securite-publique\\\/\",\"url\":\"https:\\\/\\\/ptsslab.ca\\\/fr\\\/publication\\\/une-evaluation-des-problemes-de-sante-mentale-et-des-facteurs-de-stress-professionnel-parmi-les-hauts-dirigeants-du-personnel-de-la-securite-publique\\\/\",\"name\":\"Une \u00e9valuation des probl\u00e8mes de sant\u00e9 mentale et des facteurs de stress professionnel parmi les hauts dirigeants du personnel de la s\u00e9curit\u00e9 publique - PTSS Lab\",\"isPartOf\":{\"@id\":\"https:\\\/\\\/ptsslab.ca\\\/fr\\\/#website\"},\"primaryImageOfPage\":{\"@id\":\"https:\\\/\\\/ptsslab.ca\\\/fr\\\/publication\\\/une-evaluation-des-problemes-de-sante-mentale-et-des-facteurs-de-stress-professionnel-parmi-les-hauts-dirigeants-du-personnel-de-la-securite-publique\\\/#primaryimage\"},\"image\":{\"@id\":\"https:\\\/\\\/ptsslab.ca\\\/fr\\\/publication\\\/une-evaluation-des-problemes-de-sante-mentale-et-des-facteurs-de-stress-professionnel-parmi-les-hauts-dirigeants-du-personnel-de-la-securite-publique\\\/#primaryimage\"},\"thumbnailUrl\":\"https:\\\/\\\/ptsslab.ca\\\/wp-content\\\/uploads\\\/2025\\\/02\\\/Reliable-Collaborative-Content11.png\",\"datePublished\":\"2025-12-17T21:18:13+00:00\",\"dateModified\":\"2025-12-17T21:22:33+00:00\",\"breadcrumb\":{\"@id\":\"https:\\\/\\\/ptsslab.ca\\\/fr\\\/publication\\\/une-evaluation-des-problemes-de-sante-mentale-et-des-facteurs-de-stress-professionnel-parmi-les-hauts-dirigeants-du-personnel-de-la-securite-publique\\\/#breadcrumb\"},\"inLanguage\":\"fr-FR\",\"potentialAction\":[{\"@type\":\"ReadAction\",\"target\":[\"https:\\\/\\\/ptsslab.ca\\\/fr\\\/publication\\\/une-evaluation-des-problemes-de-sante-mentale-et-des-facteurs-de-stress-professionnel-parmi-les-hauts-dirigeants-du-personnel-de-la-securite-publique\\\/\"]}]},{\"@type\":\"ImageObject\",\"inLanguage\":\"fr-FR\",\"@id\":\"https:\\\/\\\/ptsslab.ca\\\/fr\\\/publication\\\/une-evaluation-des-problemes-de-sante-mentale-et-des-facteurs-de-stress-professionnel-parmi-les-hauts-dirigeants-du-personnel-de-la-securite-publique\\\/#primaryimage\",\"url\":\"https:\\\/\\\/ptsslab.ca\\\/wp-content\\\/uploads\\\/2025\\\/02\\\/Reliable-Collaborative-Content11.png\",\"contentUrl\":\"https:\\\/\\\/ptsslab.ca\\\/wp-content\\\/uploads\\\/2025\\\/02\\\/Reliable-Collaborative-Content11.png\",\"width\":783,\"height\":954},{\"@type\":\"BreadcrumbList\",\"@id\":\"https:\\\/\\\/ptsslab.ca\\\/fr\\\/publication\\\/une-evaluation-des-problemes-de-sante-mentale-et-des-facteurs-de-stress-professionnel-parmi-les-hauts-dirigeants-du-personnel-de-la-securite-publique\\\/#breadcrumb\",\"itemListElement\":[{\"@type\":\"ListItem\",\"position\":1,\"name\":\"Home\",\"item\":\"https:\\\/\\\/ptsslab.ca\\\/fr\\\/\"},{\"@type\":\"ListItem\",\"position\":2,\"name\":\"Publications\",\"item\":\"https:\\\/\\\/ptsslab.ca\\\/fr\\\/publications\\\/\"},{\"@type\":\"ListItem\",\"position\":3,\"name\":\"Une \u00e9valuation des probl\u00e8mes de sant\u00e9 mentale et des facteurs de stress professionnel parmi les hauts dirigeants du personnel de la s\u00e9curit\u00e9 publique\"}]},{\"@type\":\"WebSite\",\"@id\":\"https:\\\/\\\/ptsslab.ca\\\/fr\\\/#website\",\"url\":\"https:\\\/\\\/ptsslab.ca\\\/fr\\\/\",\"name\":\"PTSS Lab\",\"description\":\"Advancing Mental Health for Trauma-Exposed Professionals\",\"potentialAction\":[{\"@type\":\"SearchAction\",\"target\":{\"@type\":\"EntryPoint\",\"urlTemplate\":\"https:\\\/\\\/ptsslab.ca\\\/fr\\\/?s={search_term_string}\"},\"query-input\":{\"@type\":\"PropertyValueSpecification\",\"valueRequired\":true,\"valueName\":\"search_term_string\"}}],\"inLanguage\":\"fr-FR\"}]}<\/script>\n<!-- \/ Yoast SEO plugin. -->","yoast_head_json":{"title":"Une \u00e9valuation des probl\u00e8mes de sant\u00e9 mentale et des facteurs de stress professionnel parmi les hauts dirigeants du personnel de la s\u00e9curit\u00e9 publique - PTSS Lab","robots":{"index":"index","follow":"follow","max-snippet":"max-snippet:-1","max-image-preview":"max-image-preview:large","max-video-preview":"max-video-preview:-1"},"canonical":"https:\/\/ptsslab.ca\/fr\/publication\/une-evaluation-des-problemes-de-sante-mentale-et-des-facteurs-de-stress-professionnel-parmi-les-hauts-dirigeants-du-personnel-de-la-securite-publique\/","og_locale":"fr_FR","og_type":"article","og_title":"Une \u00e9valuation des probl\u00e8mes de sant\u00e9 mentale et des facteurs de stress professionnel parmi les hauts dirigeants du personnel de la s\u00e9curit\u00e9 publique - PTSS Lab","og_description":"Le personnel de s\u00e9curit\u00e9 publique (PSP ; par exemple, le personnel p\u00e9nitentiaire, les pompiers, le personnel param\u00e9dical, la police, les communicateurs de la s\u00e9curit\u00e9 publique) est in\u00e9vitablement expos\u00e9 \u00e0 des \u00e9v\u00e9nements potentiellement traumatisants sur le plan psychologique (EVPT ; par exemple, la mort, les blessures graves ou les violences sexuelles, r\u00e9elles ou menac\u00e9es). Les expositions fr\u00e9quentes \u00e0 l'ETFP et d'autres facteurs de stress professionnel sont associ\u00e9s \u00e0 des l\u00e9sions de stress post-traumatique (SSPT), y compris le syndrome de stress post-traumatique (SSPT), le trouble d\u00e9pressif majeur (TDM), le trouble anxieux g\u00e9n\u00e9ralis\u00e9 (TAG) et d'autres comorbidit\u00e9s physiques et psychologiques. Les cadres sup\u00e9rieurs des PSP (chefs, directeurs, chefs adjoints) sont cens\u00e9s apporter des solutions efficaces en mati\u00e8re de sant\u00e9 mentale du personnel de premi\u00e8re ligne. La plupart des efforts se sont concentr\u00e9s sur les PSP de premi\u00e8re ligne, avec peu d'efforts de soutien \u00e0 la sant\u00e9 mentale destin\u00e9s aux cadres sup\u00e9rieurs des PSP, bien que ces derniers soient g\u00e9n\u00e9ralement suppos\u00e9s avoir subi des EPPT et d'autres facteurs de stress professionnel dans leurs r\u00f4les ant\u00e9rieurs de PSP de premi\u00e8re ligne, ce qui peut avoir eu un impact similaire sur leur sant\u00e9 mentale. \u00c0 ce jour, aucune \u00e9tude n'a \u00e9valu\u00e9 les diff\u00e9rences entre les facteurs de stress professionnel, les sympt\u00f4mes de troubles mentaux et les comportements suicidaires (c.-\u00e0-d. id\u00e9es, planification, tentatives) au sein d'un \u00e9chantillon diversifi\u00e9 de dirigeants des PSP canadiens par rapport aux PSP de premi\u00e8re ligne. La pr\u00e9sente \u00e9tude a \u00e9t\u00e9 con\u00e7ue pour \u00e9valuer les diff\u00e9rences dans les proportions de pr\u00e9valence du d\u00e9pistage des facteurs de stress professionnel, des troubles de sant\u00e9 mentale et des comportements suicidaires entre les diff\u00e9rents r\u00f4les organisationnels (c.-\u00e0-d. les cadres sup\u00e9rieurs des PSP [chefs, directeurs, chefs adjoints] et les PSP exer\u00e7ant d'autres fonctions) dans les secteurs des services param\u00e9dicaux et des services de police, dans le but de soutenir largement le Plan d'action national canadien sur les traumatismes li\u00e9s au stress post-traumatique. Les r\u00e9sultats indiquent que les cadres sup\u00e9rieurs des PSP ne sont pas moins susceptibles d'\u00eatre d\u00e9pist\u00e9s positifs pour tout trouble de sant\u00e9 mentale, un ou plusieurs troubles de sant\u00e9 mentale ou des comportements suicidaires que les PSP de premi\u00e8re ligne dans le m\u00eame secteur des PSP, ce qui souligne que les cadres sup\u00e9rieurs des PSP ont \u00e9galement besoin d'un soutien adapt\u00e9 en mati\u00e8re de sant\u00e9 mentale, en particulier compte tenu des facteurs de stress administratifs qui aggraveront n\u00e9cessairement l'impact de leur service de premi\u00e8re ligne.","og_url":"https:\/\/ptsslab.ca\/fr\/publication\/une-evaluation-des-problemes-de-sante-mentale-et-des-facteurs-de-stress-professionnel-parmi-les-hauts-dirigeants-du-personnel-de-la-securite-publique\/","og_site_name":"PTSS Lab","article_modified_time":"2025-12-17T21:22:33+00:00","og_image":[{"width":783,"height":954,"url":"https:\/\/ptsslab.ca\/wp-content\/uploads\/2025\/02\/Reliable-Collaborative-Content11.png","type":"image\/png"}],"twitter_card":"summary_large_image","schema":{"@context":"https:\/\/schema.org","@graph":[{"@type":"WebPage","@id":"https:\/\/ptsslab.ca\/fr\/publication\/une-evaluation-des-problemes-de-sante-mentale-et-des-facteurs-de-stress-professionnel-parmi-les-hauts-dirigeants-du-personnel-de-la-securite-publique\/","url":"https:\/\/ptsslab.ca\/fr\/publication\/une-evaluation-des-problemes-de-sante-mentale-et-des-facteurs-de-stress-professionnel-parmi-les-hauts-dirigeants-du-personnel-de-la-securite-publique\/","name":"Une \u00e9valuation des probl\u00e8mes de sant\u00e9 mentale et des facteurs de stress professionnel parmi les hauts dirigeants du personnel de la s\u00e9curit\u00e9 publique - PTSS Lab","isPartOf":{"@id":"https:\/\/ptsslab.ca\/fr\/#website"},"primaryImageOfPage":{"@id":"https:\/\/ptsslab.ca\/fr\/publication\/une-evaluation-des-problemes-de-sante-mentale-et-des-facteurs-de-stress-professionnel-parmi-les-hauts-dirigeants-du-personnel-de-la-securite-publique\/#primaryimage"},"image":{"@id":"https:\/\/ptsslab.ca\/fr\/publication\/une-evaluation-des-problemes-de-sante-mentale-et-des-facteurs-de-stress-professionnel-parmi-les-hauts-dirigeants-du-personnel-de-la-securite-publique\/#primaryimage"},"thumbnailUrl":"https:\/\/ptsslab.ca\/wp-content\/uploads\/2025\/02\/Reliable-Collaborative-Content11.png","datePublished":"2025-12-17T21:18:13+00:00","dateModified":"2025-12-17T21:22:33+00:00","breadcrumb":{"@id":"https:\/\/ptsslab.ca\/fr\/publication\/une-evaluation-des-problemes-de-sante-mentale-et-des-facteurs-de-stress-professionnel-parmi-les-hauts-dirigeants-du-personnel-de-la-securite-publique\/#breadcrumb"},"inLanguage":"fr-FR","potentialAction":[{"@type":"ReadAction","target":["https:\/\/ptsslab.ca\/fr\/publication\/une-evaluation-des-problemes-de-sante-mentale-et-des-facteurs-de-stress-professionnel-parmi-les-hauts-dirigeants-du-personnel-de-la-securite-publique\/"]}]},{"@type":"ImageObject","inLanguage":"fr-FR","@id":"https:\/\/ptsslab.ca\/fr\/publication\/une-evaluation-des-problemes-de-sante-mentale-et-des-facteurs-de-stress-professionnel-parmi-les-hauts-dirigeants-du-personnel-de-la-securite-publique\/#primaryimage","url":"https:\/\/ptsslab.ca\/wp-content\/uploads\/2025\/02\/Reliable-Collaborative-Content11.png","contentUrl":"https:\/\/ptsslab.ca\/wp-content\/uploads\/2025\/02\/Reliable-Collaborative-Content11.png","width":783,"height":954},{"@type":"BreadcrumbList","@id":"https:\/\/ptsslab.ca\/fr\/publication\/une-evaluation-des-problemes-de-sante-mentale-et-des-facteurs-de-stress-professionnel-parmi-les-hauts-dirigeants-du-personnel-de-la-securite-publique\/#breadcrumb","itemListElement":[{"@type":"ListItem","position":1,"name":"Home","item":"https:\/\/ptsslab.ca\/fr\/"},{"@type":"ListItem","position":2,"name":"Publications","item":"https:\/\/ptsslab.ca\/fr\/publications\/"},{"@type":"ListItem","position":3,"name":"Une \u00e9valuation des probl\u00e8mes de sant\u00e9 mentale et des facteurs de stress professionnel parmi les hauts dirigeants du personnel de la s\u00e9curit\u00e9 publique"}]},{"@type":"WebSite","@id":"https:\/\/ptsslab.ca\/fr\/#website","url":"https:\/\/ptsslab.ca\/fr\/","name":"PTSS Lab","description":"Advancing Mental Health for Trauma-Exposed Professionals","potentialAction":[{"@type":"SearchAction","target":{"@type":"EntryPoint","urlTemplate":"https:\/\/ptsslab.ca\/fr\/?s={search_term_string}"},"query-input":{"@type":"PropertyValueSpecification","valueRequired":true,"valueName":"search_term_string"}}],"inLanguage":"fr-FR"}]}},"_links":{"self":[{"href":"https:\/\/ptsslab.ca\/fr\/wp-json\/wp\/v2\/research-material\/2530","targetHints":{"allow":["GET"]}}],"collection":[{"href":"https:\/\/ptsslab.ca\/fr\/wp-json\/wp\/v2\/research-material"}],"about":[{"href":"https:\/\/ptsslab.ca\/fr\/wp-json\/wp\/v2\/types\/research-material"}],"wp:featuredmedia":[{"embeddable":true,"href":"https:\/\/ptsslab.ca\/fr\/wp-json\/wp\/v2\/media\/1675"}],"wp:attachment":[{"href":"https:\/\/ptsslab.ca\/fr\/wp-json\/wp\/v2\/media?parent=2530"}],"wp:term":[{"taxonomy":"keyword","embeddable":true,"href":"https:\/\/ptsslab.ca\/fr\/wp-json\/wp\/v2\/keyword?post=2530"}],"curies":[{"name":"wp","href":"https:\/\/api.w.org\/{rel}","templated":true}]}}